{"id":38920,"date":"2026-06-15T13:35:36","date_gmt":"2026-06-15T11:35:36","guid":{"rendered":"https:\/\/mnk.pl\/?post_type=wystawy&#038;p=38920"},"modified":"2026-08-31T15:02:19","modified_gmt":"2026-08-31T13:02:19","slug":"the-faces-of-czapski","status":"publish","type":"wystawy","link":"https:\/\/mnk.pl\/en\/wystawy\/the-faces-of-czapski\/","title":{"rendered":"The Faces of Czapski"},"content":{"rendered":"\n<p class=\"wp-block-paragraph\">Pre-war art critics of J\u00f3zef Czapski (1896\u20131993) emphasised the stylistic diversity of his paintings. In 1938, Roman Ko\u0142oniecki observed that Czapski does not present the viewer &#8220;with a choice between creative principles that has already been made&#8221;, but rather makes them realise just how difficult that choice is. Czapski himself saw this as a weakness in his own paintings. In an essay from the 1940s, he wrote:<\/p>\n\n\n\n<p class=\"wp-block-paragraph\"><em>For a long time, I was troubled by this duality in my approach \u2013 one analytical and rational, stemming from the Dutch tradition and, to some extent, from the Pointillists; and the other, mad, unexpected even to myself \u2013 a veritable leap into the abyss. I saw in this a lack of integrated individuality, a sort of psychological split, which I tried to overcome artificially, though to no avail. Over time, however, I came to observe the same phenomenon not only in painters of Matisse\u2019s calibre, but even in one of the greatest of all \u2013 Goya.<\/em><\/p>\n\n\n\n<p class=\"wp-block-paragraph\">This anniversary exhibition, organised to mark the 130th anniversary of the artist\u2019s birth and in the year dedicated to him, provides an opportunity to explore the many facets of Czapski\u2019s art \u2013 hence its title. Dr Magdalena Ludera, the curator and author of the exhibition script, focused on Czapski as a painter and draughtsman, paying particular attention to his creative process. She pushed into the background the Czapski who was better known as a writer, diarist and art critic, as well as the Czapski who was a witness to the painful history of Poland and 20th-century Europe.<\/p>\n\n\n\n<p class=\"wp-block-paragraph\">For this exhibition, we have brought together over fifty paintings and drawings, mainly from private collections (both domestic and foreign), sourced in particular from the direct heirs of the Czapski sisters. The family-oriented and intimate nature of these rarely exhibited works is reflected in the structure of the exhibition. The exhibition opens with self-portraits in the studio, which are surrounded by paintings and drawings of people close to him (including tender portraits of family members), objects (still lifes, which he persistently returned to throughout his life) and landscapes (including the family estates).<\/p>\n\n\n\n<p class=\"wp-block-paragraph\">Czapski distanced himself from the intellectually driven principles imposed from above that guided him as a painter, and emphasised the vision that came to him as a result of visually contemplating everyday life. Although his vision is associated more with unpredictable painterly intuition than with rational thought, in this exhibition we seek out the recurring principles that govern his painting, whilst also highlighting his sources of inspiration. The similarities between works of art are deliberately emphasised. Towards the back of the exhibition, using specially grouped \u2018crazy\u2019 and \u2018wall-breaking\u2019 paintings (as Czapski would put it), we seek to characterise the expressionist tendencies in the artist\u2019s work, pairing the artworks with evocative keywords.<\/p>\n\n\n\n<p class=\"wp-block-paragraph\">The exhibition is accompanied by a catalogue featuring full-page photographs of the works on display.<\/p>\n\n\n\n<p class=\"wp-block-paragraph\">Magdalena Ludera<\/p>\n\n\n\n<div class=\"wp-block-group is-vertical is-layout-flex wp-container-core-group-is-layout-4fc3f8e1 wp-block-group-is-layout-flex\">\n<p class=\"wp-block-paragraph\"><\/p>\n\n\n\n<p class=\"wp-block-paragraph\"><strong>Curator<\/strong>: Dr Magdalena Ludera<\/p>\n\n\n\n<p class=\"wp-block-paragraph\"><strong>Interior designer:<\/strong> Anna Pop\u0142awska-Szilder<\/p>\n\n\n\n<p class=\"wp-block-paragraph\"><strong>Coordinator<\/strong>: Sylwia Siwek<\/p>\n<\/div>\n\n\n\n<div style=\"height:55px\" aria-hidden=\"true\" class=\"wp-block-spacer\"><\/div>\n\n\n\n<p class=\"wp-block-paragraph\">Works by J\u00f3zef Czapski. Copyright \u00a9 by Weronika Orkisz<\/p>\n\n\n\n<div class=\"wp-block-mnk-gallery-block gallery-block size-medium expandable-gallery\"><h2>Objects <\/h2><div class=\"gallery-wrap\"><div class=\"gallery-wrap-inner\"><div class=\"grid gallery-sec\"><div class=\"grid-sizer\"><\/div><div class=\"gutter-sizer\"><\/div><div class=\"grid-item\"><div class=\"mansory-grid-card\"><a href=\"https:\/\/mnk.pl\/wp-content\/uploads\/2026\/06\/Catherine-Djurklov-Djurklou-scaled.jpg\" data-fancybox=\"gallery-72fd52cf-2dc7-466d-9371-f869abd21686\" data-caption=\"J\u00f3zef Czapski, Catherine Djurklov (Djurklou), before 1977, Grzegorz Przew\u0142ocki Collection\" aria-label=\"Otw\u00f3rz zdj\u0119cie: J\u00f3zef Czapski, Catherine Djurklov (Djurklou), before 1977, Grzegorz Przew\u0142ocki Collection\"><img decoding=\"async\" src=\"https:\/\/mnk.pl\/wp-content\/uploads\/2026\/06\/Catherine-Djurklov-Djurklou-scaled.jpg\" alt=\"J\u00f3zef Czapski, Catherine Djurklov (Djurklou), before 1977, Grzegorz Przew\u0142ocki Collection\"\/><\/a><\/div><\/div><div class=\"grid-item\"><div class=\"mansory-grid-card\"><a href=\"https:\/\/mnk.pl\/wp-content\/uploads\/2026\/06\/Jozef-CzapskiAutoportret-ze-szkicownikiem-1951-scaled.jpg\" data-fancybox=\"gallery-72fd52cf-2dc7-466d-9371-f869abd21686\" data-caption=\"J\u00f3zef Czapski, Self-Portrait with a Sketchbook, 1951, Krzysztof Musia\u0142 Collection\" aria-label=\"Otw\u00f3rz zdj\u0119cie: J\u00f3zef Czapski, Self-Portrait with a Sketchbook, 1951, Krzysztof Musia\u0142 Collection\"><img decoding=\"async\" src=\"https:\/\/mnk.pl\/wp-content\/uploads\/2026\/06\/Jozef-CzapskiAutoportret-ze-szkicownikiem-1951-scaled.jpg\" alt=\"J\u00f3zef Czapski, Self-Portrait with a Sketchbook, 1951, Krzysztof Musia\u0142 Collection\"\/><\/a><\/div><\/div><div class=\"grid-item\"><div class=\"mansory-grid-card\"><a href=\"https:\/\/mnk.pl\/wp-content\/uploads\/2026\/06\/16834795406c1725d424cc56a8ab9e6f.jpg\" data-fancybox=\"gallery-72fd52cf-2dc7-466d-9371-f869abd21686\" data-caption=\"J\u00f3zef Czapski, Self-Portrait, c. 1953, Grzegorz Przew\u0142ocki Collection\" aria-label=\"Otw\u00f3rz zdj\u0119cie: J\u00f3zef Czapski, Self-Portrait, c. 1953, Grzegorz Przew\u0142ocki Collection\"><img decoding=\"async\" src=\"https:\/\/mnk.pl\/wp-content\/uploads\/2026\/06\/16834795406c1725d424cc56a8ab9e6f.jpg\" alt=\"J\u00f3zef Czapski, Self-Portrait, c. 1953, Grzegorz Przew\u0142ocki Collection\"\/><\/a><\/div><\/div><div class=\"grid-item\"><div class=\"mansory-grid-card\"><a href=\"https:\/\/mnk.pl\/wp-content\/uploads\/2026\/06\/Wazon-i-zielona-zaslona-scaled.jpg\" data-fancybox=\"gallery-72fd52cf-2dc7-466d-9371-f869abd21686\" data-caption=\"J\u00f3zef Czapski, Vase and Green Curtain, 1978, Private collection\" aria-label=\"Otw\u00f3rz zdj\u0119cie: J\u00f3zef Czapski, Vase and Green Curtain, 1978, Private collection\"><img decoding=\"async\" src=\"https:\/\/mnk.pl\/wp-content\/uploads\/2026\/06\/Wazon-i-zielona-zaslona-scaled.jpg\" alt=\"J\u00f3zef Czapski, Vase and Green Curtain, 1978, Private collection\"\/><\/a><\/div><\/div><div class=\"grid-item\"><div class=\"mansory-grid-card\"><a href=\"https:\/\/mnk.pl\/wp-content\/uploads\/2026\/06\/Czapski_1960_Aukcja-Agra-art_11.2015.jpg\" data-fancybox=\"gallery-72fd52cf-2dc7-466d-9371-f869abd21686\" data-caption=\"J\u00f3zef Czapski, The Radiator, 1960, Collection of Ewa and Janusz Lipiecki\" aria-label=\"Otw\u00f3rz zdj\u0119cie: J\u00f3zef Czapski, The Radiator, 1960, Collection of Ewa and Janusz Lipiecki\"><img decoding=\"async\" src=\"https:\/\/mnk.pl\/wp-content\/uploads\/2026\/06\/Czapski_1960_Aukcja-Agra-art_11.2015.jpg\" alt=\"J\u00f3zef Czapski, The Radiator, 1960, Collection of Ewa and Janusz Lipiecki\"\/><\/a><\/div><\/div><div class=\"grid-item\"><div class=\"mansory-grid-card\"><a href=\"https:\/\/mnk.pl\/wp-content\/uploads\/2026\/06\/02-b-004107001_p_e-scaled.jpg\" data-fancybox=\"gallery-72fd52cf-2dc7-466d-9371-f869abd21686\" data-caption=\"J\u00f3zef Czapski, Shining Cloud, 1981, National Museum in Krak\u00f3w\" aria-label=\"Otw\u00f3rz zdj\u0119cie: J\u00f3zef Czapski, Shining Cloud, 1981, National Museum in Krak\u00f3w\"><img decoding=\"async\" src=\"https:\/\/mnk.pl\/wp-content\/uploads\/2026\/06\/02-b-004107001_p_e-scaled.jpg\" alt=\"J\u00f3zef Czapski, Shining Cloud, 1981, National Museum in Krak\u00f3w\"\/><\/a><\/div><\/div><div class=\"grid-item\"><div class=\"mansory-grid-card\"><a href=\"https:\/\/mnk.pl\/wp-content\/uploads\/2026\/06\/Untitled-design-1.png\" data-fancybox=\"gallery-72fd52cf-2dc7-466d-9371-f869abd21686\" data-caption=\"Sketches of paintings in a letter from J\u00f3zef Czapski to Helena Blum, 1959, National Museum in Krak\u00f3w\" aria-label=\"Otw\u00f3rz zdj\u0119cie: Sketches of paintings in a letter from J\u00f3zef Czapski to Helena Blum, 1959, National Museum in Krak\u00f3w\"><img decoding=\"async\" src=\"https:\/\/mnk.pl\/wp-content\/uploads\/2026\/06\/Untitled-design-1.png\" alt=\"Sketches of paintings in a letter from J\u00f3zef Czapski to Helena Blum, 1959, National Museum in Krak\u00f3w\"\/><\/a><\/div><\/div><\/div><\/div><div class=\"btn-sec d-flex justify-content-center\"><button type=\"button\" class=\"btn btn-transparent gallery-toggle-btn\">Poka\u017c wi\u0119cej zdj\u0119\u0107<svg class=\"icon\" aria-hidden=\"true\"><use href=\"#arrow-down\"><\/use><\/svg><\/button><\/div><\/div><\/div>\n\n\n\n<div class=\"wp-block-mnk-accordion-group accordion-block\" data-show-numbers=\"false\"><div class=\"accordion\" id=\"accordion-be9ceb55\">\n<div id=\"partners\" class=\"wp-block-mnk-accordion-block accordion-item\"><div class=\"accordion-button collapsed\" role=\"button\" tabindex=\"0\" aria-expanded=\"false\" aria-controls=\"collapse-item-9b06ff92\" id=\"button-item-9b06ff92\" data-bs-toggle=\"collapse\" data-bs-target=\"#collapse-item-9b06ff92\"><div class=\"title-sec \"><div class=\"title-icon-sec d-flex align-items-center\"><span class=\"accordion-title\">Partners<\/span><\/div><\/div><\/div><div id=\"collapse-item-9b06ff92\" class=\"accordion-collapse collapse\" role=\"region\" aria-labelledby=\"button-item-9b06ff92\" data-bs-parent=\"\"><div class=\"accordion-body\">\n<div class=\"wp-block-mnk-partner-logo partner-logo\"><ul><li><a href=\"https:\/\/www.gov.pl\/web\/kultura\" aria-label=\"Partner 1\" rel=\"nofollow noopener\" target=\"_blank\"><img decoding=\"async\" src=\"https:\/\/mnk.pl\/wp-content\/uploads\/2026\/04\/Ministerstwo-kultury-szare-1.png\" alt=\"\"\/><\/a><\/li><\/ul><\/div>\n\n\n\n<h5 class=\"wp-block-heading\">Patron of the MNK<\/h5>\n\n\n\n<div class=\"wp-block-mnk-partner-logo partner-logo\"><ul><li><a href=\"#\" aria-label=\"Partner 1\"><img decoding=\"async\" src=\"https:\/\/mnk.pl\/wp-content\/uploads\/2026\/04\/PGE-szare.svg\" alt=\"\"\/><\/a><\/li><\/ul><\/div>\n\n\n\n<h5 class=\"wp-block-heading\">Strategic partner of MNK<\/h5>\n\n\n\n<div class=\"wp-block-mnk-partner-logo partner-logo\"><ul><li><a href=\"https:\/\/www.pzu.pl\/\" aria-label=\"Partner 1\" rel=\"nofollow noopener\" target=\"_blank\"><img decoding=\"async\" src=\"https:\/\/mnk.pl\/wp-content\/uploads\/2026\/04\/PZU-lewa.svg\" alt=\"\"\/><\/a><\/li><li><a href=\"https:\/\/www.totalizator.pl\/\" aria-label=\"Partner 2\" rel=\"nofollow noopener\" target=\"_blank\"><img decoding=\"async\" src=\"https:\/\/mnk.pl\/wp-content\/uploads\/2026\/04\/Totallizator-lewa.svg\" alt=\"\"\/><\/a><\/li><\/ul><\/div>\n\n\n\n<h5 class=\"wp-block-heading\">Media partners<\/h5>\n\n\n\n<div class=\"wp-block-mnk-partner-logo partner-logo\"><ul><li><a href=\"https:\/\/niezlasztuka.net\/\" aria-label=\"Partner 1\" rel=\"nofollow noopener\" target=\"_blank\"><img decoding=\"async\" src=\"https:\/\/mnk.pl\/wp-content\/uploads\/2026\/06\/niezla-sztuka-logo-na-www.svg\" alt=\"\"\/><\/a><\/li><li><a href=\"https:\/\/krakow.tvp.pl\/\" aria-label=\"Partner 2\" rel=\"nofollow noopener\" target=\"_blank\"><img decoding=\"async\" src=\"https:\/\/mnk.pl\/wp-content\/uploads\/2026\/04\/tvp3.svg\" alt=\"\"\/><\/a><\/li><li><a href=\"https:\/\/www.radiokrakow.pl\/\" aria-label=\"Partner 3\" rel=\"nofollow noopener\" target=\"_blank\"><img decoding=\"async\" src=\"https:\/\/mnk.pl\/wp-content\/uploads\/2026\/04\/Radio-krakow-lewa.svg\" alt=\"\"\/><\/a><\/li><li><a href=\"https:\/\/www.radiokrakow.pl\/\" aria-label=\"Partner 4\" rel=\"nofollow noopener\" target=\"_blank\"><img decoding=\"async\" src=\"https:\/\/mnk.pl\/wp-content\/uploads\/2026\/05\/GSE-LOGOTYPY-11.svg\" alt=\"\"\/><\/a><\/li><\/ul><\/div>\n<\/div><\/div><\/div>\n<\/div><\/div>\n\n\n\n<div style=\"height:100px\" aria-hidden=\"true\" class=\"wp-block-spacer\"><\/div>\n\n\n\n<h2 class=\"wp-block-heading\"><strong>The Year of Czapski<\/strong><\/h2>\n\n\n\n<p class=\"wp-block-paragraph\">The anniversary exhibition \u2018The Faces of Czapski\u2019 is being held as part of the celebrations marking the Year of J\u00f3zef Czapski, whom the Sejm of the Republic of Poland has declared the patron of 2026.<\/p>\n\n\n\n<p class=\"wp-block-paragraph\">By showcasing the work of this Polish painter, who was related to the European aristocracy, the National Museum in Krak\u00f3w promotes pride in our own heritage, whilst placing it within a broader context.<\/p>\n\n\n\n<p class=\"wp-block-paragraph\">The Year of Czapski offers the opportunity for many wonderful experiences at the MNK. Do join us!<\/p>\n\n\n\n<div class=\"wp-block-buttons is-layout-flex wp-block-buttons-is-layout-flex\">\n<div class=\"wp-block-button\"><a class=\"wp-block-button__link wp-element-button\">Check the details<\/a><\/div>\n<\/div>\n\n\n\n<p class=\"wp-block-paragraph\"><\/p>\n","protected":false},"excerpt":{"rendered":"<p>Pre-war art critics of J\u00f3zef Czapski (1896\u20131993) emphasised the stylistic diversity of his paintings. In 1938, Roman Ko\u0142oniecki observed that Czapski does not present the viewer &#8220;with a choice between creative principles that has already been made&#8221;, but rather makes them realise just how difficult that choice is. Czapski himself saw this as a weakness [&hellip;]<\/p>\n","protected":false},"author":10,"featured_media":37205,"template":"","wystawy_categories":[171],"class_list":["post-38920","wystawy","type-wystawy","status-publish","has-post-thumbnail","hentry","wystawy_categories-temporary-exhibition"],"acf":[],"_links":{"self":[{"href":"https:\/\/mnk.pl\/en\/wp-json\/wp\/v2\/wystawy\/38920","targetHints":{"allow":["GET"]}}],"collection":[{"href":"https:\/\/mnk.pl\/en\/wp-json\/wp\/v2\/wystawy"}],"about":[{"href":"https:\/\/mnk.pl\/en\/wp-json\/wp\/v2\/types\/wystawy"}],"author":[{"embeddable":true,"href":"https:\/\/mnk.pl\/en\/wp-json\/wp\/v2\/users\/10"}],"version-history":[{"count":10,"href":"https:\/\/mnk.pl\/en\/wp-json\/wp\/v2\/wystawy\/38920\/revisions"}],"predecessor-version":[{"id":42265,"href":"https:\/\/mnk.pl\/en\/wp-json\/wp\/v2\/wystawy\/38920\/revisions\/42265"}],"wp:featuredmedia":[{"embeddable":true,"href":"https:\/\/mnk.pl\/en\/wp-json\/wp\/v2\/media\/37205"}],"wp:attachment":[{"href":"https:\/\/mnk.pl\/en\/wp-json\/wp\/v2\/media?parent=38920"}],"wp:term":[{"taxonomy":"wystawy_categories","embeddable":true,"href":"https:\/\/mnk.pl\/en\/wp-json\/wp\/v2\/wystawy_categories?post=38920"}],"curies":[{"name":"wp","href":"https:\/\/api.w.org\/{rel}","templated":true}]}}