{"id":2315,"date":"2026-01-19T19:48:10","date_gmt":"2026-01-19T18:48:10","guid":{"rendered":"https:\/\/new.mnk.pl\/wystawy\/mnk-wyspianski\/"},"modified":"2026-08-19T14:31:22","modified_gmt":"2026-08-19T12:31:22","slug":"mnk-the-wyspianski","status":"publish","type":"wystawy","link":"https:\/\/mnk.pl\/en\/wystawy\/mnk-the-wyspianski\/","title":{"rendered":"MNK Wyspia\u0144ski"},"content":{"rendered":"\n<p class=\"wp-block-paragraph\">The creative personality of Stanis\u0142aw Wyspia\u0144ski (1869\u20131907) undoubtedly left its mark in many fields of art. A painter, graphic artist, theatre reformer, architectural visionary \u2013 these are just a few incarnations of the creator of the stained glass <em>God the Father &#8211; Arise<\/em> [\u201eSta\u0144 si\u0119\u201d] in the Cracovian church by the Franciscan monastery. The artist&#8217;s influence can still be found in the collective imagination of the inhabitants of Poland, especially in Krakow.&nbsp;<\/p>\n\n\n\n<p class=\"wp-block-paragraph\">The permanent gallery at the National Museum in Krakow shows examples of visual work by Stanis\u0142aw Wyspia\u0144ski, representing the areas he was interested in: from intimate portraits of the family and pastel <em>Views from the artist&#8217;s studio window<\/em>, through furniture and interior designs, to monumental sketches of stained-glass windows and plans for the reconstruction of the Acropolis \u2013 the Wawel hill, which Wyspia\u0144ski perceived and treated as the symbolic spiritual centre of his homeland.&nbsp;<\/p>\n\n\n\n<p class=\"wp-block-paragraph\">The National Museum in Krakow takes care of Wyspia\u0144ski&#8217;s largest collection of works (over 1,100 works) as well as numerous memorabilia, documents and a book collection donated by the family after the artist&#8217;s death, reflecting his versatile interests.<\/p>\n\n\n\n<p class=\"wp-block-paragraph\">The MNK Wyspia\u0144ski Gallery combines the values of a biographical museum with a broad overview of the artist&#8217;s work. The exhibition is changed periodically to protect priceless works of art. This is due to the delicate nature of pastel works, which are mostly created on paper-based supports.&nbsp;<\/p>\n\n\n\n<p class=\"wp-block-paragraph\">Each new display of Wyspia\u0144ski\u2019s works provides a chance to reconnect with the legacy of one of the most significant figures in Polish cultural history.<\/p>\n\n\n\n<p class=\"wp-block-paragraph\"><strong>Curatorial team:<\/strong> Magdalena Laskowska, Danuta Gody\u0144<\/p>\n\n\n\n<div class=\"wp-block-mnk-dofinansowanie funding-block d-inline-flex align-items-center flex-row\"><svg class=\"icon\" aria-hidden=\"true\" focusable=\"false\"><use xlink:href=\"#info-icon\"><\/use><\/svg><div class=\"content\"><p><span style=\"font-weight: 400;\">Co-financed by the Minister of Culture and National Heritage<\/span><\/p><\/div><\/div>\n\n\n\n<p class=\"wp-block-paragraph\"><strong>Funding provided:<\/strong> 2022: PLN 234 000, 2023: PLN 175 000<\/p>\n\n\n\n<figure class=\"wp-block-image size-full is-resized\"><img decoding=\"async\" src=\"https:\/\/mnk.pl\/wp-content\/uploads\/2026\/01\/flaga-godlo_55766096117a1da16920545e53b1fedc_original.png\" alt=\"\" class=\"wp-image-1684\" style=\"width:300px\"\/><\/figure>\n\n\n\n<div style=\"height:100px\" aria-hidden=\"true\" class=\"wp-block-spacer\"><\/div>\n\n\n\n<h2 class=\"wp-block-heading\">Galleries<\/h2>\n\n\n\n<div class=\"wp-block-mnk-accordion-group accordion-block\" data-show-numbers=\"false\"><div class=\"accordion\" id=\"accordion-07b93005\">\n<div id=\"selected-works-of-stanislaw-wyspianski\" class=\"wp-block-mnk-accordion-block accordion-item\"><div class=\"accordion-button collapsed\" role=\"button\" tabindex=\"0\" aria-expanded=\"false\" aria-controls=\"collapse-item-04fb6005\" id=\"button-item-04fb6005\" data-bs-toggle=\"collapse\" data-bs-target=\"#collapse-item-04fb6005\"><div class=\"title-sec \"><div class=\"title-icon-sec d-flex align-items-center\"><span class=\"accordion-title\">Selected works of Stanis\u0142aw Wyspia\u0144ski<\/span><\/div><\/div><\/div><div id=\"collapse-item-04fb6005\" class=\"accordion-collapse collapse\" role=\"region\" aria-labelledby=\"button-item-04fb6005\" data-bs-parent=\"\"><div class=\"accordion-body\">\n<div class=\"wp-block-mnk-gallery-block gallery-block size-medium expandable-gallery\"><div class=\"gallery-wrap\"><div class=\"gallery-wrap-inner\"><div class=\"grid gallery-sec\"><div class=\"grid-sizer\"><\/div><div class=\"gutter-sizer\"><\/div><div class=\"grid-item\"><div class=\"mansory-grid-card\"><a href=\"https:\/\/mnk.pl\/wp-content\/uploads\/2026\/01\/wyspianski14-1_original.jpg\" data-fancybox=\"gallery-114693d5-30fc-4108-8ab4-dfdf1c465b54\" data-caption=\"Stanis\u0142aw Wyspia\u0144ski, B\u0142ogos\u0142awiona Salomea, przed 1902 Projekt kwatery witra\u017ca z b\u0142. Salome\u0105 do prezbiterium ko\u015bcio\u0142a Franciszkan\u00f3w w Krakowie (fragment) \/ fot. Pracownia Fotograficzna MNK\" aria-label=\"Otw\u00f3rz zdj\u0119cie: Stanis\u0142aw Wyspia\u0144ski, B\u0142ogos\u0142awiona Salomea, przed 1902 Projekt kwatery witra\u017ca z b\u0142. Salome\u0105 do prezbiterium ko\u015bcio\u0142a Franciszkan\u00f3w w Krakowie (fragment) \/ fot. Pracownia Fotograficzna MNK\"><img decoding=\"async\" src=\"https:\/\/mnk.pl\/wp-content\/uploads\/2026\/01\/wyspianski14-1_original.jpg\" alt=\"Stanis\u0142aw Wyspia\u0144ski, B\u0142ogos\u0142awiona Salomea, przed 1902 Projekt kwatery witra\u017ca z b\u0142. Salome\u0105 do prezbiterium ko\u015bcio\u0142a Franciszkan\u00f3w w Krakowie (fragment) \/ fot. Pracownia Fotograficzna MNK\"\/><\/a><\/div><\/div><div class=\"grid-item\"><div class=\"mansory-grid-card\"><a href=\"https:\/\/mnk.pl\/wp-content\/uploads\/2026\/01\/wyspianski15_original.jpg\" data-fancybox=\"gallery-114693d5-30fc-4108-8ab4-dfdf1c465b54\" data-caption=\"Stanis\u0142aw Wyspia\u0144ski, Poranek pod Wawelem (Planty o \u015bwicie), 1894 r. \/ fot. Pracownia Fotograficzna MNK\" aria-label=\"Otw\u00f3rz zdj\u0119cie: Stanis\u0142aw Wyspia\u0144ski, Poranek pod Wawelem (Planty o \u015bwicie), 1894 r. \/ fot. Pracownia Fotograficzna MNK\"><img decoding=\"async\" src=\"https:\/\/mnk.pl\/wp-content\/uploads\/2026\/01\/wyspianski15_original.jpg\" alt=\"Stanis\u0142aw Wyspia\u0144ski, Poranek pod Wawelem (Planty o \u015bwicie), 1894 r. \/ fot. Pracownia Fotograficzna MNK\"\/><\/a><\/div><\/div><div class=\"grid-item\"><div class=\"mansory-grid-card\"><a href=\"https:\/\/mnk.pl\/wp-content\/uploads\/2026\/01\/wyspianski13_original.jpg\" data-fancybox=\"gallery-114693d5-30fc-4108-8ab4-dfdf1c465b54\" data-caption=\"Stanis\u0142aw Wyspia\u0144ski, Ko\u015bci\u00f3\u0142 Panny Maryi, 1905 r. \/ fot. Pracownia Fotograficzna MNK\" aria-label=\"Otw\u00f3rz zdj\u0119cie: Stanis\u0142aw Wyspia\u0144ski, Ko\u015bci\u00f3\u0142 Panny Maryi, 1905 r. \/ fot. Pracownia Fotograficzna MNK\"><img decoding=\"async\" src=\"https:\/\/mnk.pl\/wp-content\/uploads\/2026\/01\/wyspianski13_original.jpg\" alt=\"Stanis\u0142aw Wyspia\u0144ski, Ko\u015bci\u00f3\u0142 Panny Maryi, 1905 r. \/ fot. Pracownia Fotograficzna MNK\"\/><\/a><\/div><\/div><div class=\"grid-item\"><div class=\"mansory-grid-card\"><a href=\"https:\/\/mnk.pl\/wp-content\/uploads\/2026\/01\/wyspianski11_original.jpg\" data-fancybox=\"gallery-114693d5-30fc-4108-8ab4-dfdf1c465b54\" data-caption=\"Stanis\u0142aw Wyspia\u0144ski, Nasturcje, 1897 r. Projekt dekoracji malarskiej do prezbiterium i transeptu ko\u015bcio\u0142a Franciszkan\u00f3w w Krakowie \/ fot. Pracownia Fotograficzna MNK\" aria-label=\"Otw\u00f3rz zdj\u0119cie: Stanis\u0142aw Wyspia\u0144ski, Nasturcje, 1897 r. Projekt dekoracji malarskiej do prezbiterium i transeptu ko\u015bcio\u0142a Franciszkan\u00f3w w Krakowie \/ fot. Pracownia Fotograficzna MNK\"><img decoding=\"async\" src=\"https:\/\/mnk.pl\/wp-content\/uploads\/2026\/01\/wyspianski11_original.jpg\" alt=\"Stanis\u0142aw Wyspia\u0144ski, Nasturcje, 1897 r. Projekt dekoracji malarskiej do prezbiterium i transeptu ko\u015bcio\u0142a Franciszkan\u00f3w w Krakowie \/ fot. Pracownia Fotograficzna MNK\"\/><\/a><\/div><\/div><div class=\"grid-item\"><div class=\"mansory-grid-card\"><a href=\"https:\/\/mnk.pl\/wp-content\/uploads\/2026\/01\/wyspianski07_original.jpg\" data-fancybox=\"gallery-114693d5-30fc-4108-8ab4-dfdf1c465b54\" data-caption=\"Stanis\u0142aw Wyspia\u0144ski, Macierzy\u0144stwo, 1905 r. \/ fot. Pracownia Fotograficzna MNK\" aria-label=\"Otw\u00f3rz zdj\u0119cie: Stanis\u0142aw Wyspia\u0144ski, Macierzy\u0144stwo, 1905 r. \/ fot. Pracownia Fotograficzna MNK\"><img decoding=\"async\" src=\"https:\/\/mnk.pl\/wp-content\/uploads\/2026\/01\/wyspianski07_original.jpg\" alt=\"Stanis\u0142aw Wyspia\u0144ski, Macierzy\u0144stwo, 1905 r. \/ fot. Pracownia Fotograficzna MNK\"\/><\/a><\/div><\/div><div class=\"grid-item\"><div class=\"mansory-grid-card\"><a href=\"https:\/\/mnk.pl\/wp-content\/uploads\/2026\/01\/wyspianski06_original.jpg\" data-fancybox=\"gallery-114693d5-30fc-4108-8ab4-dfdf1c465b54\" data-caption=\"Stanis\u0142aw Wyspia\u0144ski, Dziewczynka w niebieskim kapeluszu, 1895 r.\" aria-label=\"Otw\u00f3rz zdj\u0119cie: Stanis\u0142aw Wyspia\u0144ski, Dziewczynka w niebieskim kapeluszu, 1895 r.\"><img decoding=\"async\" src=\"https:\/\/mnk.pl\/wp-content\/uploads\/2026\/01\/wyspianski06_original.jpg\" alt=\"Stanis\u0142aw Wyspia\u0144ski, Dziewczynka w niebieskim kapeluszu, 1895 r.\"\/><\/a><\/div><\/div><div class=\"grid-item\"><div class=\"mansory-grid-card\"><a href=\"https:\/\/mnk.pl\/wp-content\/uploads\/2026\/01\/wyspianski05_original.jpg\" data-fancybox=\"gallery-114693d5-30fc-4108-8ab4-dfdf1c465b54\" data-caption=\"Stanis\u0142aw Wyspia\u0144ski, Autoportret z \u017con\u0105, 1904 r.\" aria-label=\"Otw\u00f3rz zdj\u0119cie: Stanis\u0142aw Wyspia\u0144ski, Autoportret z \u017con\u0105, 1904 r.\"><img decoding=\"async\" src=\"https:\/\/mnk.pl\/wp-content\/uploads\/2026\/01\/wyspianski05_original.jpg\" alt=\"Stanis\u0142aw Wyspia\u0144ski, Autoportret z \u017con\u0105, 1904 r.\"\/><\/a><\/div><\/div><div class=\"grid-item\"><div class=\"mansory-grid-card\"><a href=\"https:\/\/mnk.pl\/wp-content\/uploads\/2026\/01\/wyspianski08_original.jpg\" data-fancybox=\"gallery-114693d5-30fc-4108-8ab4-dfdf1c465b54\" data-caption=\"Stanis\u0142aw Wyspia\u0144ski, Apollo. System Kopernika, 1904 r. Projekt witra\u017ca do Domu Towarzystwa Lekarskiego w Krakowie\" aria-label=\"Otw\u00f3rz zdj\u0119cie: Stanis\u0142aw Wyspia\u0144ski, Apollo. System Kopernika, 1904 r. Projekt witra\u017ca do Domu Towarzystwa Lekarskiego w Krakowie\"><img decoding=\"async\" src=\"https:\/\/mnk.pl\/wp-content\/uploads\/2026\/01\/wyspianski08_original.jpg\" alt=\"Stanis\u0142aw Wyspia\u0144ski, Apollo. System Kopernika, 1904 r. Projekt witra\u017ca do Domu Towarzystwa Lekarskiego w Krakowie\"\/><\/a><\/div><\/div><div class=\"grid-item\"><div class=\"mansory-grid-card\"><a href=\"https:\/\/mnk.pl\/wp-content\/uploads\/2026\/01\/wyspianski03_original.jpg\" data-fancybox=\"gallery-114693d5-30fc-4108-8ab4-dfdf1c465b54\" data-caption=\"Stanis\u0142aw Wyspia\u0144ski, Mietek oparty na r\u0119kach, 1904 r.\" aria-label=\"Otw\u00f3rz zdj\u0119cie: Stanis\u0142aw Wyspia\u0144ski, Mietek oparty na r\u0119kach, 1904 r.\"><img decoding=\"async\" src=\"https:\/\/mnk.pl\/wp-content\/uploads\/2026\/01\/wyspianski03_original.jpg\" alt=\"Stanis\u0142aw Wyspia\u0144ski, Mietek oparty na r\u0119kach, 1904 r.\"\/><\/a><\/div><\/div><div class=\"grid-item\"><div class=\"mansory-grid-card\"><a href=\"https:\/\/mnk.pl\/wp-content\/uploads\/2026\/01\/wyspianski04_original.jpg\" data-fancybox=\"gallery-114693d5-30fc-4108-8ab4-dfdf1c465b54\" data-caption=\"Stanis\u0142aw Wyspia\u0144ski, Widok z okna na Kopiec Ko\u015bciuszki. Szary dzie\u0144, 1905 r.\" aria-label=\"Otw\u00f3rz zdj\u0119cie: Stanis\u0142aw Wyspia\u0144ski, Widok z okna na Kopiec Ko\u015bciuszki. Szary dzie\u0144, 1905 r.\"><img decoding=\"async\" src=\"https:\/\/mnk.pl\/wp-content\/uploads\/2026\/01\/wyspianski04_original.jpg\" alt=\"Stanis\u0142aw Wyspia\u0144ski, Widok z okna na Kopiec Ko\u015bciuszki. Szary dzie\u0144, 1905 r.\"\/><\/a><\/div><\/div><div class=\"grid-item\"><div class=\"mansory-grid-card\"><a href=\"https:\/\/mnk.pl\/wp-content\/uploads\/2026\/01\/wyspianski02_original.jpg\" data-fancybox=\"gallery-114693d5-30fc-4108-8ab4-dfdf1c465b54\" data-caption=\"Stanis\u0142aw Wyspia\u0144ski, Polonia, 1894 r. Replika dolnej cz\u0119\u015bci projektu witra\u017ca do okna g\u00f3rnego katedry lwowskiej\" aria-label=\"Otw\u00f3rz zdj\u0119cie: Stanis\u0142aw Wyspia\u0144ski, Polonia, 1894 r. Replika dolnej cz\u0119\u015bci projektu witra\u017ca do okna g\u00f3rnego katedry lwowskiej\"><img decoding=\"async\" src=\"https:\/\/mnk.pl\/wp-content\/uploads\/2026\/01\/wyspianski02_original.jpg\" alt=\"Stanis\u0142aw Wyspia\u0144ski, Polonia, 1894 r. Replika dolnej cz\u0119\u015bci projektu witra\u017ca do okna g\u00f3rnego katedry lwowskiej\"\/><\/a><\/div><\/div><div class=\"grid-item\"><div class=\"mansory-grid-card\"><a href=\"https:\/\/mnk.pl\/wp-content\/uploads\/2026\/01\/wyspianski01_original.jpg\" data-fancybox=\"gallery-114693d5-30fc-4108-8ab4-dfdf1c465b54\" data-caption=\"Stanis\u0142aw Wyspia\u0144ski, Portret J\u00f3zia Feldmana, 1905 r.\" aria-label=\"Otw\u00f3rz zdj\u0119cie: Stanis\u0142aw Wyspia\u0144ski, Portret J\u00f3zia Feldmana, 1905 r.\"><img decoding=\"async\" src=\"https:\/\/mnk.pl\/wp-content\/uploads\/2026\/01\/wyspianski01_original.jpg\" alt=\"Stanis\u0142aw Wyspia\u0144ski, Portret J\u00f3zia Feldmana, 1905 r.\"\/><\/a><\/div><\/div><div class=\"grid-item\"><div class=\"mansory-grid-card\"><a href=\"https:\/\/mnk.pl\/wp-content\/uploads\/2026\/01\/wyspianski12_original.jpg\" data-fancybox=\"gallery-114693d5-30fc-4108-8ab4-dfdf1c465b54\" data-caption=\"Stanis\u0142aw Wyspia\u0144ski, \u015api\u0105cy Mietek, 1902 r.\" aria-label=\"Otw\u00f3rz zdj\u0119cie: Stanis\u0142aw Wyspia\u0144ski, \u015api\u0105cy Mietek, 1902 r.\"><img decoding=\"async\" src=\"https:\/\/mnk.pl\/wp-content\/uploads\/2026\/01\/wyspianski12_original.jpg\" alt=\"Stanis\u0142aw Wyspia\u0144ski, \u015api\u0105cy Mietek, 1902 r.\"\/><\/a><\/div><\/div><div class=\"grid-item\"><div class=\"mansory-grid-card\"><a href=\"https:\/\/mnk.pl\/wp-content\/uploads\/2026\/01\/wyspianski09_original.jpg\" data-fancybox=\"gallery-114693d5-30fc-4108-8ab4-dfdf1c465b54\" data-caption=\"Stanis\u0142aw Wyspia\u0144ski, Helenka z wazonem, 1902 r.\" aria-label=\"Otw\u00f3rz zdj\u0119cie: Stanis\u0142aw Wyspia\u0144ski, Helenka z wazonem, 1902 r.\"><img decoding=\"async\" src=\"https:\/\/mnk.pl\/wp-content\/uploads\/2026\/01\/wyspianski09_original.jpg\" alt=\"Stanis\u0142aw Wyspia\u0144ski, Helenka z wazonem, 1902 r.\"\/><\/a><\/div><\/div><\/div><\/div><div class=\"btn-sec d-flex justify-content-center\"><button type=\"button\" class=\"btn btn-transparent gallery-toggle-btn\">Poka\u017c wi\u0119cej zdj\u0119\u0107<svg class=\"icon\" aria-hidden=\"true\"><use href=\"#arrow-down\"><\/use><\/svg><\/button><\/div><\/div><\/div>\n<\/div><\/div><\/div>\n\n\n\n<div id=\"stanislaw-wyspianski-museum\" class=\"wp-block-mnk-accordion-block accordion-item\"><div class=\"accordion-button collapsed\" role=\"button\" tabindex=\"0\" aria-expanded=\"false\" aria-controls=\"collapse-item-0c007bf2\" id=\"button-item-0c007bf2\" data-bs-toggle=\"collapse\" data-bs-target=\"#collapse-item-0c007bf2\"><div class=\"title-sec \"><div class=\"title-icon-sec d-flex align-items-center\"><span class=\"accordion-title\">Stanis\u0142aw Wyspia\u0144ski Museum<\/span><\/div><\/div><\/div><div id=\"collapse-item-0c007bf2\" class=\"accordion-collapse collapse\" role=\"region\" aria-labelledby=\"button-item-0c007bf2\" data-bs-parent=\"\"><div class=\"accordion-body\">\n<div class=\"wp-block-mnk-gallery-block gallery-block size-medium expandable-gallery\"><div class=\"gallery-wrap\"><div class=\"gallery-wrap-inner\"><div class=\"grid gallery-sec\"><div class=\"grid-sizer\"><\/div><div class=\"gutter-sizer\"><\/div><div class=\"grid-item\"><div class=\"mansory-grid-card\"><a href=\"https:\/\/mnk.pl\/wp-content\/uploads\/2026\/01\/1_a7967d80d5812498398d947880bc8970_original.png\" data-fancybox=\"gallery-c3c08dd2-64b7-43b2-b1df-6c6f67ab891a\" data-caption=\"fot. CITY\" aria-label=\"Otw\u00f3rz zdj\u0119cie: fot. CITY\"><img decoding=\"async\" src=\"https:\/\/mnk.pl\/wp-content\/uploads\/2026\/01\/1_a7967d80d5812498398d947880bc8970_original.png\" alt=\"fot. CITY\"\/><\/a><\/div><\/div><div class=\"grid-item\"><div class=\"mansory-grid-card\"><a href=\"https:\/\/mnk.pl\/wp-content\/uploads\/2026\/01\/2_a22cb866a98295ae2a77a1df828afc49_original.png\" data-fancybox=\"gallery-c3c08dd2-64b7-43b2-b1df-6c6f67ab891a\" data-caption=\"fot. CITY\" aria-label=\"Otw\u00f3rz zdj\u0119cie: fot. CITY\"><img decoding=\"async\" src=\"https:\/\/mnk.pl\/wp-content\/uploads\/2026\/01\/2_a22cb866a98295ae2a77a1df828afc49_original.png\" alt=\"fot. CITY\"\/><\/a><\/div><\/div><\/div><\/div><div class=\"btn-sec d-flex justify-content-center\"><button type=\"button\" class=\"btn btn-transparent gallery-toggle-btn\">Poka\u017c wi\u0119cej zdj\u0119\u0107<svg class=\"icon\" aria-hidden=\"true\"><use href=\"#arrow-down\"><\/use><\/svg><\/button><\/div><\/div><\/div>\n<\/div><\/div><\/div>\n<\/div><\/div>\n\n\n\n<div style=\"height:100px\" aria-hidden=\"true\" class=\"wp-block-spacer\"><\/div>\n\n\n\n<div class=\"wp-block-mnk-accordion-group accordion-block\" data-show-numbers=\"false\"><div class=\"accordion\" id=\"accordion-35e76d9f\">\n<div id=\"partners\" class=\"wp-block-mnk-accordion-block accordion-item\"><div class=\"accordion-button collapsed\" role=\"button\" tabindex=\"0\" aria-expanded=\"false\" aria-controls=\"collapse-item-0c67e838\" id=\"button-item-0c67e838\" data-bs-toggle=\"collapse\" data-bs-target=\"#collapse-item-0c67e838\"><div class=\"title-sec \"><div class=\"title-icon-sec d-flex align-items-center\"><span class=\"accordion-title\">Partners<\/span><\/div><\/div><\/div><div id=\"collapse-item-0c67e838\" class=\"accordion-collapse collapse\" role=\"region\" aria-labelledby=\"button-item-0c67e838\" data-bs-parent=\"\"><div class=\"accordion-body\">\n<h5 class=\"wp-block-heading\">Co-financed by the Minister of Culture and National Heritage<\/h5>\n\n\n\n<div class=\"wp-block-mnk-partner-logo partner-logo\"><ul><li><a href=\"https:\/\/www.gov.pl\/web\/kultura\/\" aria-label=\"Partner 1\" rel=\"nofollow noopener\" target=\"_blank\"><img decoding=\"async\" src=\"https:\/\/mnk.pl\/wp-content\/uploads\/2026\/04\/MKiDN.svg\" alt=\"\"\/><\/a><\/li><\/ul><\/div>\n\n\n\n<h5 class=\"wp-block-heading\">Patron of the National Museum in Krak\u00f3w<\/h5>\n\n\n\n<div class=\"wp-block-mnk-partner-logo partner-logo\"><ul><li><a href=\"#\" aria-label=\"Partner 1\"><img decoding=\"async\" src=\"https:\/\/mnk.pl\/wp-content\/uploads\/2026\/04\/PZU-lewa.svg\" alt=\"\"\/><\/a><\/li><\/ul><\/div>\n\n\n\n<h5 class=\"wp-block-heading\">Strategic partner of the National Museum in Krak\u00f3w<\/h5>\n\n\n\n<div class=\"wp-block-mnk-partner-logo partner-logo\"><ul><li><a href=\"#\" aria-label=\"Partner 1\"><img decoding=\"async\" src=\"https:\/\/mnk.pl\/wp-content\/uploads\/2026\/04\/Totallizator-lewa.svg\" alt=\"\"\/><\/a><\/li><\/ul><\/div>\n\n\n\n<h5 class=\"wp-block-heading\">Under the honorary patronage of \u0141ukasz Kmita, Governor of the Ma\u0142opolska Voivodeship<\/h5>\n\n\n\n<div class=\"wp-block-mnk-partner-logo partner-logo\"><ul><li><a href=\"#\" aria-label=\"Partner 1\"><img decoding=\"async\" src=\"https:\/\/mnk.pl\/wp-content\/uploads\/2026\/01\/wojewoda-malopolski.svg\" alt=\"\"\/><\/a><\/li><\/ul><\/div>\n\n\n\n<h5 class=\"wp-block-heading\">Exhibition partner<\/h5>\n\n\n\n<div class=\"wp-block-mnk-partner-logo partner-logo\"><ul><li><a href=\"#\" aria-label=\"Partner 1\"><img decoding=\"async\" src=\"https:\/\/mnk.pl\/wp-content\/uploads\/2026\/01\/IJG.svg\" alt=\"\"\/><\/a><\/li><\/ul><\/div>\n\n\n\n<h5 class=\"wp-block-heading\">Media sponsors<\/h5>\n\n\n\n<div class=\"wp-block-mnk-partner-logo partner-logo\"><ul><li><a href=\"https:\/\/polskieradio.pl\/\" aria-label=\"Partner 1\" rel=\"nofollow noopener\" target=\"_blank\"><img decoding=\"async\" src=\"https:\/\/mnk.pl\/wp-content\/uploads\/2026\/04\/polskie-radio.svg\" alt=\"\"\/><\/a><\/li><li><a href=\"https:\/\/radiokrakow.pl\/\" aria-label=\"Partner 2\" rel=\"nofollow noopener\" target=\"_blank\"><img decoding=\"async\" src=\"https:\/\/mnk.pl\/wp-content\/uploads\/2026\/04\/Radio-krakow-lewa.svg\" alt=\"\"\/><\/a><\/li><li><a href=\"https:\/\/radiokrakowkultura.pl\/\" aria-label=\"Partner 3\" rel=\"nofollow noopener\" target=\"_blank\"><img decoding=\"async\" src=\"https:\/\/mnk.pl\/wp-content\/uploads\/2026\/04\/Radio-krakow-kultura-lewa.svg\" alt=\"\"\/><\/a><\/li><li><a href=\"https:\/\/krakow.tvp.pl\/\" aria-label=\"Partner 4\" rel=\"nofollow noopener\" target=\"_blank\"><img decoding=\"async\" src=\"https:\/\/mnk.pl\/wp-content\/uploads\/2026\/04\/tvp3.svg\" alt=\"\"\/><\/a><\/li><li><a href=\"https:\/\/lovekrakow.pl\/\" aria-label=\"Partner 5\" rel=\"nofollow noopener\" target=\"_blank\"><img decoding=\"async\" src=\"https:\/\/mnk.pl\/wp-content\/uploads\/2026\/04\/love-krakow.svg\" alt=\"\"\/><\/a><\/li><li><a href=\"https:\/\/www.elle.pl\/decoration\" aria-label=\"Partner 6\" rel=\"nofollow noopener\" target=\"_blank\"><img decoding=\"async\" src=\"https:\/\/mnk.pl\/wp-content\/uploads\/2026\/01\/elle.svg\" alt=\"\"\/><\/a><\/li><li><a href=\"https:\/\/dziennikpolski24.pl\/\" aria-label=\"Partner 7\" rel=\"nofollow noopener\" target=\"_blank\"><img decoding=\"async\" src=\"https:\/\/mnk.pl\/wp-content\/uploads\/2026\/04\/dziennik-polski.svg\" alt=\"\"\/><\/a><\/li><\/ul><\/div>\n<\/div><\/div><\/div>\n<\/div><\/div>\n","protected":false},"excerpt":{"rendered":"<p>The creative personality of Stanis\u0142aw Wyspia\u0144ski (1869\u20131907) undoubtedly left its mark in many fields of art. A painter, graphic artist, theatre reformer, architectural visionary \u2013 these are just a few incarnations of the creator of the stained glass God the Father &#8211; Arise [\u201eSta\u0144 si\u0119\u201d] in the Cracovian church by the Franciscan monastery. The artist&#8217;s [&hellip;]<\/p>\n","protected":false},"author":5,"featured_media":4739,"template":"","wystawy_categories":[166],"class_list":["post-2315","wystawy","type-wystawy","status-publish","has-post-thumbnail","hentry","wystawy_categories-permanent-exhibition"],"acf":[],"_links":{"self":[{"href":"https:\/\/mnk.pl\/en\/wp-json\/wp\/v2\/wystawy\/2315","targetHints":{"allow":["GET"]}}],"collection":[{"href":"https:\/\/mnk.pl\/en\/wp-json\/wp\/v2\/wystawy"}],"about":[{"href":"https:\/\/mnk.pl\/en\/wp-json\/wp\/v2\/types\/wystawy"}],"author":[{"embeddable":true,"href":"https:\/\/mnk.pl\/en\/wp-json\/wp\/v2\/users\/5"}],"version-history":[{"count":6,"href":"https:\/\/mnk.pl\/en\/wp-json\/wp\/v2\/wystawy\/2315\/revisions"}],"predecessor-version":[{"id":41770,"href":"https:\/\/mnk.pl\/en\/wp-json\/wp\/v2\/wystawy\/2315\/revisions\/41770"}],"wp:featuredmedia":[{"embeddable":true,"href":"https:\/\/mnk.pl\/en\/wp-json\/wp\/v2\/media\/4739"}],"wp:attachment":[{"href":"https:\/\/mnk.pl\/en\/wp-json\/wp\/v2\/media?parent=2315"}],"wp:term":[{"taxonomy":"wystawy_categories","embeddable":true,"href":"https:\/\/mnk.pl\/en\/wp-json\/wp\/v2\/wystawy_categories?post=2315"}],"curies":[{"name":"wp","href":"https:\/\/api.w.org\/{rel}","templated":true}]}}