{"id":2291,"date":"2026-01-15T10:46:08","date_gmt":"2026-01-15T09:46:08","guid":{"rendered":"https:\/\/new.mnk.pl\/wystawy\/przekroje-w-mnk-szolayscy-2\/"},"modified":"2026-08-20T13:23:47","modified_gmt":"2026-08-20T11:23:47","slug":"sections-at-mnk-szolayscy","status":"publish","type":"wystawy","link":"https:\/\/mnk.pl\/en\/wystawy\/sections-at-mnk-szolayscy\/","title":{"rendered":"Sections at MNK Szo\u0142ayscy"},"content":{"rendered":"\n<p class=\"wp-block-paragraph\">What is architecture, and what can it be? What are its relationships with users and the environment? How does it function, and how is it shaped by the natural environment, as well as by the social and cultural context?&nbsp;<\/p>\n\n\n\n<p class=\"wp-block-paragraph\">The starting point for the team developing the exhibition on 20th and 21st-century architecture was to show it as a field closely connected with human activity in the world. Architecture takes form and functions in a close relationship with the place and time of its creation and the applicable system of values, both aesthetic and ethical, expressed, for example, in our attitude to the natural environment.&nbsp;<\/p>\n\n\n\n<p class=\"wp-block-paragraph\">The exhibition is divided into six sections corresponding to important topics taken up by architects and urban planners: composition, nature, technology, manifesto (message), time and space and costs (responsibility). Based on these topics, the story of contemporary architecture in Poland has been told, along with its specific contexts and conditions of emergence.&nbsp;<\/p>\n\n\n\n<div class=\"wp-block-group is-vertical is-layout-flex wp-container-core-group-is-layout-4fc3f8e1 wp-block-group-is-layout-flex\">\n<p class=\"wp-block-paragraph\"><strong>Curatorial team: <\/strong>Weronika Grzesiak, Ma\u0142gorzata J\u0119drzejczyk, Kacper K\u0119pi\u0144ski<\/p>\n\n\n\n<p class=\"wp-block-paragraph\"><strong>Arrangement: <\/strong>Agnieszka Szultk (Szultk Architecture)<\/p>\n\n\n\n<p class=\"wp-block-paragraph\"><strong>Coordination: <\/strong>Katarzyna Paw\u0142owska&nbsp;<\/p>\n<\/div>\n\n\n\n<div style=\"height:50px\" aria-hidden=\"true\" class=\"wp-block-spacer\"><\/div>\n\n\n\n<div class=\"wp-block-mnk-dofinansowanie funding-block d-inline-flex align-items-center flex-row\"><svg class=\"icon\" aria-hidden=\"true\" focusable=\"false\"><use xlink:href=\"#info-icon\"><\/use><\/svg><div class=\"content\"><p><span style=\"font-weight: 400;\">Co-financed by the Minister of Culture and National Heritage<\/span><\/p><\/div><\/div>\n\n\n\n<p class=\"wp-block-paragraph\"><strong>Project title: <\/strong>Co-financed projects &#8220;OBJECTS. Gallery of Polish Design of the 20th and 21st centuries &#8221; and &#8220;SECTIONS. Gallery of Polish Architecture of the 20th and 21st Centuries&#8221;<\/p>\n\n\n\n<p class=\"wp-block-paragraph\"><strong>Co-financing value: <\/strong>PLN 192 760,51, <strong>total cost:<\/strong> PLN 290 025,75<\/p>\n\n\n\n<div style=\"height:100px\" aria-hidden=\"true\" class=\"wp-block-spacer\"><\/div>\n\n\n\n<div class=\"wp-block-mnk-gallery-block gallery-block size-medium expandable-gallery\"><h2>Exhibition space<\/h2><div class=\"gallery-wrap\"><div class=\"gallery-wrap-inner\"><div class=\"grid gallery-sec\"><div class=\"grid-sizer\"><\/div><div class=\"gutter-sizer\"><\/div><div class=\"grid-item\"><div class=\"mansory-grid-card\"><a href=\"https:\/\/mnk.pl\/wp-content\/uploads\/2026\/01\/fot-tomasz-markowski-009_761a0ba73559e672961d72add27e971f_original.jpg\" data-fancybox=\"gallery-98474367-fff5-46a2-a4a8-6411f6d6f0f6\" data-caption=\"Phot. T. Markowski\" aria-label=\"Otw\u00f3rz zdj\u0119cie: Phot. T. Markowski\"><img decoding=\"async\" src=\"https:\/\/mnk.pl\/wp-content\/uploads\/2026\/01\/fot-tomasz-markowski-009_761a0ba73559e672961d72add27e971f_original.jpg\" alt=\"Phot. T. Markowski\"\/><\/a><\/div><\/div><div class=\"grid-item\"><div class=\"mansory-grid-card\"><a href=\"https:\/\/mnk.pl\/wp-content\/uploads\/2026\/01\/fot-tomasz-markowski-001_d9655130da7d9723b08250025b23eb49_original.jpg\" data-fancybox=\"gallery-98474367-fff5-46a2-a4a8-6411f6d6f0f6\" data-caption=\"Phot. T. Markowski\" aria-label=\"Otw\u00f3rz zdj\u0119cie: Phot. T. Markowski\"><img decoding=\"async\" src=\"https:\/\/mnk.pl\/wp-content\/uploads\/2026\/01\/fot-tomasz-markowski-001_d9655130da7d9723b08250025b23eb49_original.jpg\" alt=\"Phot. T. Markowski\"\/><\/a><\/div><\/div><div class=\"grid-item\"><div class=\"mansory-grid-card\"><a href=\"https:\/\/mnk.pl\/wp-content\/uploads\/2026\/01\/fot-tomasz-markowski-003_e649442f4d2bd6a83d23fb5028f1288c_original.jpg\" data-fancybox=\"gallery-98474367-fff5-46a2-a4a8-6411f6d6f0f6\" data-caption=\"Phot. T. Markowski\" aria-label=\"Otw\u00f3rz zdj\u0119cie: Phot. T. Markowski\"><img decoding=\"async\" src=\"https:\/\/mnk.pl\/wp-content\/uploads\/2026\/01\/fot-tomasz-markowski-003_e649442f4d2bd6a83d23fb5028f1288c_original.jpg\" alt=\"Phot. T. Markowski\"\/><\/a><\/div><\/div><div class=\"grid-item\"><div class=\"mansory-grid-card\"><a href=\"https:\/\/mnk.pl\/wp-content\/uploads\/2026\/01\/fot-tomasz-markowski-004_03eae355771b11c81131a9695144bafe_original.jpg\" data-fancybox=\"gallery-98474367-fff5-46a2-a4a8-6411f6d6f0f6\" data-caption=\"Phot. T. Markowski\" aria-label=\"Otw\u00f3rz zdj\u0119cie: Phot. T. Markowski\"><img decoding=\"async\" src=\"https:\/\/mnk.pl\/wp-content\/uploads\/2026\/01\/fot-tomasz-markowski-004_03eae355771b11c81131a9695144bafe_original.jpg\" alt=\"Phot. T. Markowski\"\/><\/a><\/div><\/div><div class=\"grid-item\"><div class=\"mansory-grid-card\"><a href=\"https:\/\/mnk.pl\/wp-content\/uploads\/2026\/01\/fot-tomasz-markowski-006_3b751e9e96722b0c5704b1ec1246fcc0_original.jpg\" data-fancybox=\"gallery-98474367-fff5-46a2-a4a8-6411f6d6f0f6\" data-caption=\"Phot. T. Markowski\" aria-label=\"Otw\u00f3rz zdj\u0119cie: Phot. T. Markowski\"><img decoding=\"async\" src=\"https:\/\/mnk.pl\/wp-content\/uploads\/2026\/01\/fot-tomasz-markowski-006_3b751e9e96722b0c5704b1ec1246fcc0_original.jpg\" alt=\"Phot. T. Markowski\"\/><\/a><\/div><\/div><div class=\"grid-item\"><div class=\"mansory-grid-card\"><a href=\"https:\/\/mnk.pl\/wp-content\/uploads\/2026\/01\/fot-tomasz-markowski-007_7ebf1a37796bfb94d42b282f0df67b3d_original.jpg\" data-fancybox=\"gallery-98474367-fff5-46a2-a4a8-6411f6d6f0f6\" data-caption=\"Phot. T. Markowski\" aria-label=\"Otw\u00f3rz zdj\u0119cie: Phot. T. Markowski\"><img decoding=\"async\" src=\"https:\/\/mnk.pl\/wp-content\/uploads\/2026\/01\/fot-tomasz-markowski-007_7ebf1a37796bfb94d42b282f0df67b3d_original.jpg\" alt=\"Phot. T. Markowski\"\/><\/a><\/div><\/div><\/div><\/div><div class=\"btn-sec d-flex justify-content-center\"><button type=\"button\" class=\"btn btn-transparent gallery-toggle-btn\">Poka\u017c wi\u0119cej zdj\u0119\u0107<svg class=\"icon\" aria-hidden=\"true\"><use href=\"#arrow-down\"><\/use><\/svg><\/button><\/div><\/div><\/div>\n\n\n\n<div style=\"height:100px\" aria-hidden=\"true\" class=\"wp-block-spacer\"><\/div>\n\n\n\n<h2 class=\"wp-block-heading\">Videos<\/h2>\n\n\n\n<div style=\"height:35px\" aria-hidden=\"true\" class=\"wp-block-spacer\"><\/div>\n\n\n\n<figure class=\"wp-block-embed is-type-video is-provider-youtube wp-block-embed-youtube wp-embed-aspect-16-9 wp-has-aspect-ratio\"><div class=\"wp-block-embed__wrapper\">\n<iframe loading=\"lazy\" title=\"SPOTKANIE Z ROBERTEM CURGENVENEM\" width=\"500\" height=\"281\" src=\"https:\/\/www.youtube.com\/embed\/1XAvyXOu3t4?feature=oembed\" frameborder=\"0\" allow=\"accelerometer; autoplay; clipboard-write; encrypted-media; gyroscope; picture-in-picture; web-share\" referrerpolicy=\"strict-origin-when-cross-origin\" allowfullscreen><\/iframe>\n<\/div><\/figure>\n\n\n\n<div style=\"height:30px\" aria-hidden=\"true\" class=\"wp-block-spacer\"><\/div>\n\n\n\n<figure class=\"wp-block-embed is-type-video is-provider-youtube wp-block-embed-youtube wp-embed-aspect-16-9 wp-has-aspect-ratio\"><div class=\"wp-block-embed__wrapper\">\n<iframe loading=\"lazy\" title=\"PRZEDMIOTY I PRZEKROJE od 17 grudnia\" width=\"500\" height=\"281\" src=\"https:\/\/www.youtube.com\/embed\/F-pJzMFpTzc?feature=oembed\" frameborder=\"0\" allow=\"accelerometer; autoplay; clipboard-write; encrypted-media; gyroscope; picture-in-picture; web-share\" referrerpolicy=\"strict-origin-when-cross-origin\" allowfullscreen><\/iframe>\n<\/div><\/figure>\n\n\n\n<div style=\"height:100px\" aria-hidden=\"true\" class=\"wp-block-spacer\"><\/div>\n\n\n\n<div class=\"wp-block-mnk-accordion-group accordion-block\" data-show-numbers=\"false\"><div class=\"accordion\" id=\"accordion-2a8de3d0\">\n<div id=\"partners\" class=\"wp-block-mnk-accordion-block accordion-item\"><div class=\"accordion-button collapsed\" role=\"button\" tabindex=\"0\" aria-expanded=\"false\" aria-controls=\"collapse-item-c587e214\" id=\"button-item-c587e214\" data-bs-toggle=\"collapse\" data-bs-target=\"#collapse-item-c587e214\"><div class=\"title-sec \"><div class=\"title-icon-sec d-flex align-items-center\"><span class=\"accordion-title\">Partners<\/span><\/div><\/div><\/div><div id=\"collapse-item-c587e214\" class=\"accordion-collapse collapse\" role=\"region\" aria-labelledby=\"button-item-c587e214\" data-bs-parent=\"\"><div class=\"accordion-body\">\n<h5 class=\"wp-block-heading\">An exhibition under the honorary patronage of the Minister of Culture and National Heritage, Prof. Piotr Gli\u0144ski<\/h5>\n\n\n\n<div class=\"wp-block-mnk-partner-logo partner-logo\"><ul><li><a href=\"#\" aria-label=\"Partner 1\"><img decoding=\"async\" src=\"https:\/\/mnk.pl\/wp-content\/uploads\/2026\/04\/MKiDN.svg\" alt=\"\"\/><\/a><\/li><li><a href=\"#\" aria-label=\"Partner 2\"><img decoding=\"async\" src=\"https:\/\/mnk.pl\/wp-content\/uploads\/2026\/02\/PL-1.svg\" alt=\"\"\/><\/a><\/li><\/ul><\/div>\n\n\n\n<h5 class=\"wp-block-heading\">Patron of the National Museum in Krak\u00f3w<\/h5>\n\n\n\n<div class=\"wp-block-mnk-partner-logo partner-logo\"><ul><li><a href=\"https:\/\/www.pzu.pl\/\" aria-label=\"Partner 1\" rel=\"nofollow noopener\" target=\"_blank\"><img decoding=\"async\" src=\"https:\/\/mnk.pl\/wp-content\/uploads\/2026\/04\/PZU-lewa.svg\" alt=\"\"\/><\/a><\/li><\/ul><\/div>\n\n\n\n<h5 class=\"wp-block-heading\">Strategic partner of the National Museum in Krak\u00f3w<\/h5>\n\n\n\n<div class=\"wp-block-mnk-partner-logo partner-logo\"><ul><li><a href=\"https:\/\/www.totalizator.pl\/\" aria-label=\"Partner 1\" rel=\"nofollow noopener\" target=\"_blank\"><img decoding=\"async\" src=\"https:\/\/mnk.pl\/wp-content\/uploads\/2026\/04\/Totallizator-lewa.svg\" alt=\"\"\/><\/a><\/li><\/ul><\/div>\n\n\n\n<h5 class=\"wp-block-heading\">Promotional partner<\/h5>\n\n\n\n<div class=\"wp-block-mnk-partner-logo partner-logo\"><ul><li><a href=\"https:\/\/www.ams.com.pl\/\" aria-label=\"Partner 1\" rel=\"nofollow noopener\" target=\"_blank\"><img decoding=\"async\" src=\"https:\/\/mnk.pl\/wp-content\/uploads\/2026\/04\/AMS-lewa.svg\" alt=\"\"\/><\/a><\/li><\/ul><\/div>\n\n\n\n<h5 class=\"wp-block-heading\">Gallery partners<\/h5>\n\n\n\n<div class=\"wp-block-mnk-partner-logo partner-logo\"><ul><li><a href=\"https:\/\/www.nac.gov.pl\/\" aria-label=\"Partner 1\" rel=\"nofollow noopener\" target=\"_blank\"><img decoding=\"async\" src=\"https:\/\/mnk.pl\/wp-content\/uploads\/2026\/01\/ap_nac.svg\" alt=\"\"\/><\/a><\/li><li><a href=\"https:\/\/niaiu.pl\/\" aria-label=\"Partner 2\" rel=\"nofollow noopener\" target=\"_blank\"><img decoding=\"async\" src=\"https:\/\/mnk.pl\/wp-content\/uploads\/2026\/01\/niaiu.svg\" alt=\"\"\/><\/a><\/li><li><a href=\"https:\/\/www.lodz.ap.gov.pl\/\" aria-label=\"Partner 3\" rel=\"nofollow noopener\" target=\"_blank\"><img decoding=\"async\" src=\"https:\/\/mnk.pl\/wp-content\/uploads\/2026\/01\/ap_lodz.svg\" alt=\"\"\/><\/a><\/li><\/ul><\/div>\n\n\n\n<h5 class=\"wp-block-heading\">Media sponsors<\/h5>\n\n\n\n<div class=\"wp-block-mnk-partner-logo partner-logo\"><ul><li><a href=\"https:\/\/onet.pl\/\" aria-label=\"Partner 1\" rel=\"nofollow noopener\" target=\"_blank\"><img decoding=\"async\" src=\"https:\/\/mnk.pl\/wp-content\/uploads\/2026\/04\/Onet-lewa.svg\" alt=\"\"\/><\/a><\/li><li><a href=\"https:\/\/polskieradio.pl\/\" aria-label=\"Partner 2\" rel=\"nofollow noopener\" target=\"_blank\"><img decoding=\"async\" src=\"https:\/\/mnk.pl\/wp-content\/uploads\/2026\/04\/polskie-radio.svg\" alt=\"\"\/><\/a><\/li><li><a href=\"https:\/\/radiokrakow.pl\/\" aria-label=\"Partner 3\" rel=\"nofollow noopener\" target=\"_blank\"><img decoding=\"async\" src=\"https:\/\/mnk.pl\/wp-content\/uploads\/2026\/04\/Radio-krakow-lewa.svg\" alt=\"\"\/><\/a><\/li><li><a href=\"https:\/\/krakow.tvp.pl\/\" aria-label=\"Partner 4\" rel=\"nofollow noopener\" target=\"_blank\"><img decoding=\"async\" src=\"https:\/\/mnk.pl\/wp-content\/uploads\/2026\/04\/tvp3.svg\" alt=\"\"\/><\/a><\/li><li><a href=\"https:\/\/nn6t.pl\/\" aria-label=\"Partner 5\" rel=\"nofollow noopener\" target=\"_blank\"><img decoding=\"async\" src=\"https:\/\/mnk.pl\/wp-content\/uploads\/2026\/01\/n6t.svg\" alt=\"\"\/><\/a><\/li><li><a href=\"https:\/\/dziennikpolski24.pl\/\" aria-label=\"Partner 6\" rel=\"nofollow noopener\" target=\"_blank\"><img decoding=\"async\" src=\"https:\/\/mnk.pl\/wp-content\/uploads\/2026\/04\/dziennik-polski.svg\" alt=\"\"\/><\/a><\/li><li><a href=\"https:\/\/www.whitemad.pl\/\" aria-label=\"Partner 7\" rel=\"nofollow noopener\" target=\"_blank\"><img decoding=\"async\" src=\"https:\/\/mnk.pl\/wp-content\/uploads\/2026\/01\/white-mad.svg\" alt=\"\"\/><\/a><\/li><li><a href=\"https:\/\/karnet.krakow.pl\/\" aria-label=\"Partner 8\" rel=\"nofollow noopener\" target=\"_blank\"><img decoding=\"async\" src=\"https:\/\/mnk.pl\/wp-content\/uploads\/2026\/04\/krakow-culture.svg\" alt=\"\"\/><\/a><\/li><li><a href=\"https:\/\/www.architekturaibiznes.pl\/\" aria-label=\"Partner 9\" rel=\"nofollow noopener\" target=\"_blank\"><img decoding=\"async\" src=\"https:\/\/mnk.pl\/wp-content\/uploads\/2026\/01\/ab.svg\" alt=\"\"\/><\/a><\/li><li><a href=\"https:\/\/www.polityka.pl\/salon\" aria-label=\"Partner 10\" rel=\"nofollow noopener\" target=\"_blank\"><img decoding=\"async\" src=\"https:\/\/mnk.pl\/wp-content\/uploads\/2026\/01\/salon-polityka.svg\" alt=\"\"\/><\/a><\/li><li><a href=\"https:\/\/www.pap.pl\/\" aria-label=\"Partner 11\" rel=\"nofollow noopener\" target=\"_blank\"><img decoding=\"async\" src=\"https:\/\/mnk.pl\/wp-content\/uploads\/2026\/01\/pap.svg\" alt=\"\"\/><\/a><\/li><li><a href=\"https:\/\/www.inyourpocket.com\/krakow\" aria-label=\"Partner 12\" rel=\"nofollow noopener\" target=\"_blank\"><img decoding=\"async\" src=\"https:\/\/mnk.pl\/wp-content\/uploads\/2026\/04\/in-your-pocket.svg\" alt=\"\"\/><\/a><\/li><\/ul><\/div>\n<\/div><\/div><\/div>\n<\/div><\/div>\n","protected":false},"excerpt":{"rendered":"<p>What is architecture, and what can it be? What are its relationships with users and the environment? How does it function, and how is it shaped by the natural environment, as well as by the social and cultural context?&nbsp; The starting point for the team developing the exhibition on 20th and 21st-century architecture was to [&hellip;]<\/p>\n","protected":false},"author":5,"featured_media":29313,"template":"","wystawy_categories":[166],"class_list":["post-2291","wystawy","type-wystawy","status-publish","has-post-thumbnail","hentry","wystawy_categories-permanent-exhibition"],"acf":[],"_links":{"self":[{"href":"https:\/\/mnk.pl\/en\/wp-json\/wp\/v2\/wystawy\/2291","targetHints":{"allow":["GET"]}}],"collection":[{"href":"https:\/\/mnk.pl\/en\/wp-json\/wp\/v2\/wystawy"}],"about":[{"href":"https:\/\/mnk.pl\/en\/wp-json\/wp\/v2\/types\/wystawy"}],"author":[{"embeddable":true,"href":"https:\/\/mnk.pl\/en\/wp-json\/wp\/v2\/users\/5"}],"version-history":[{"count":4,"href":"https:\/\/mnk.pl\/en\/wp-json\/wp\/v2\/wystawy\/2291\/revisions"}],"predecessor-version":[{"id":41947,"href":"https:\/\/mnk.pl\/en\/wp-json\/wp\/v2\/wystawy\/2291\/revisions\/41947"}],"wp:featuredmedia":[{"embeddable":true,"href":"https:\/\/mnk.pl\/en\/wp-json\/wp\/v2\/media\/29313"}],"wp:attachment":[{"href":"https:\/\/mnk.pl\/en\/wp-json\/wp\/v2\/media?parent=2291"}],"wp:term":[{"taxonomy":"wystawy_categories","embeddable":true,"href":"https:\/\/mnk.pl\/en\/wp-json\/wp\/v2\/wystawy_categories?post=2291"}],"curies":[{"name":"wp","href":"https:\/\/api.w.org\/{rel}","templated":true}]}}