{"id":2276,"date":"2026-01-14T14:47:33","date_gmt":"2026-01-14T13:47:33","guid":{"rendered":"https:\/\/new.mnk.pl\/wystawy\/mnk-matejko\/"},"modified":"2026-08-20T14:18:05","modified_gmt":"2026-08-20T12:18:05","slug":"mnk-jan-matejko","status":"publish","type":"wystawy","link":"https:\/\/mnk.pl\/en\/wystawy\/mnk-jan-matejko\/","title":{"rendered":"MNK Matejko"},"content":{"rendered":"\n<p class=\"wp-block-paragraph\">The Jan Matejko Biographical Museum (1838\u20131893) is located in the family home of the artist, pedagogue, social activist, collector and pioneer in the field of monument protection. It is an old Krakow tenement house, rebuilt in the 18th and 19th centuries, with preserved elements of the decor from the period when the painter lived there with his family.&nbsp;<\/p>\n\n\n\n<p class=\"wp-block-paragraph\">Jan Matejko was the creator of historical canvases \u2013 huge paintings that, due to their scale, are presented in the gallery of 19th-century Polish art in Sukiennice. Matejko also painted numerous portraits of family members and friends \u2013 personalities significant in the life of 19th-century Krakow.&nbsp;<\/p>\n\n\n\n<p class=\"wp-block-paragraph\">The artist&#8217;s significant contribution to the city&#8217;s life and the preservation of its heritage is reflected, among other things, in his designs for the interior of St. Mary&#8217;s Basilica at the Main Market Square. The sketches, designs, and studies for the polychrome of St. Mary&#8217;s Basilica form an important part of Matejko&#8217;s legacy in the collections of the National Museum in Krakow.&nbsp;<\/p>\n\n\n\n<p class=\"wp-block-paragraph\">Visitors to the painter&#8217;s former house have the opportunity to see the original decor of the living room and boudoir on the first floor of the tenement house: these are the first spaces of Matejko&#8217;s House available to the public. The bedroom, with its characteristic blue and star-covered vault, belonged to Teodora, the artist&#8217;s wife \u2013 the painter himself was moved there shortly before his death.&nbsp;<\/p>\n\n\n\n<p class=\"wp-block-paragraph\">The living room is dominated by a set of neo-Renaissance, richly decorated furniture, storing memorabilia related to the life of the Matejko family.&nbsp;<\/p>\n\n\n\n<p class=\"wp-block-paragraph\">In addition to Jan Matejko&#8217;s paintings and drawings, the interior of the house presents numerous memorabilia, illustrating the artist&#8217;s range of interests and the broad resonance of his social activity, which resulted in numerous honorary diplomas and titles, submitted to the Master: citizenship of Krakow, Lviv, Przemy\u015bl, orders, and even the sceptre of &#8220;reigning in art&#8221;.&nbsp;<\/p>\n\n\n\n<p class=\"wp-block-paragraph\">On the top floor of the house, Matejko&#8217;s artistic studio was reconstructed, along with utensils, paints and artefacts serving as models, headed by a large, stuffed horse, used as an aid in creating the painter&#8217;s monumental canvases.<\/p>\n\n\n\n<div style=\"height:100px\" aria-hidden=\"true\" class=\"wp-block-spacer\"><\/div>\n\n\n\n<h2 class=\"wp-block-heading\">Galleries<\/h2>\n\n\n\n<div class=\"wp-block-mnk-accordion-group accordion-block\" data-show-numbers=\"false\"><div class=\"accordion\" id=\"accordion-941747e3\">\n<div id=\"collection\" class=\"wp-block-mnk-accordion-block accordion-item\"><div class=\"accordion-button collapsed\" role=\"button\" tabindex=\"0\" aria-expanded=\"false\" aria-controls=\"collapse-item-4eefbcd8\" id=\"button-item-4eefbcd8\" data-bs-toggle=\"collapse\" data-bs-target=\"#collapse-item-4eefbcd8\"><div class=\"title-sec \"><div class=\"title-icon-sec d-flex align-items-center\"><span class=\"accordion-title\">Collection<\/span><\/div><\/div><\/div><div id=\"collapse-item-4eefbcd8\" class=\"accordion-collapse collapse\" role=\"region\" aria-labelledby=\"button-item-4eefbcd8\" data-bs-parent=\"\"><div class=\"accordion-body\">\n<div class=\"wp-block-mnk-gallery-block gallery-block size-medium expandable-gallery\"><div class=\"gallery-wrap\"><div class=\"gallery-wrap-inner\"><div class=\"grid gallery-sec\"><div class=\"grid-sizer\"><\/div><div class=\"gutter-sizer\"><\/div><div class=\"grid-item\"><div class=\"mansory-grid-card\"><a href=\"https:\/\/mnk.pl\/wp-content\/uploads\/2026\/01\/matejko-zbiory06_original.jpg\" data-fancybox=\"gallery-5a3ab1f0-5093-464d-861c-a0a2d38062d9\" data-caption=\"Jan Matejko, The Departure of the Krak\u00f3w Students from the City in 1549, 1892\" aria-label=\"Otw\u00f3rz zdj\u0119cie: Jan Matejko, The Departure of the Krak\u00f3w Students from the City in 1549, 1892\"><img decoding=\"async\" src=\"https:\/\/mnk.pl\/wp-content\/uploads\/2026\/01\/matejko-zbiory06_original.jpg\" alt=\"Jan Matejko, The Departure of the Krak\u00f3w Students from the City in 1549, 1892\"\/><\/a><\/div><\/div><div class=\"grid-item\"><div class=\"mansory-grid-card\"><a href=\"https:\/\/mnk.pl\/wp-content\/uploads\/2026\/01\/matejko-zbiory01_original.jpg\" data-fancybox=\"gallery-5a3ab1f0-5093-464d-861c-a0a2d38062d9\" data-caption=\"Jan Matejko, The Shuisky Tsars at the Warsaw Sejm, 1892\" aria-label=\"Otw\u00f3rz zdj\u0119cie: Jan Matejko, The Shuisky Tsars at the Warsaw Sejm, 1892\"><img decoding=\"async\" src=\"https:\/\/mnk.pl\/wp-content\/uploads\/2026\/01\/matejko-zbiory01_original.jpg\" alt=\"Jan Matejko, The Shuisky Tsars at the Warsaw Sejm, 1892\"\/><\/a><\/div><\/div><div class=\"grid-item\"><div class=\"mansory-grid-card\"><a href=\"https:\/\/mnk.pl\/wp-content\/uploads\/2026\/01\/matejko-zbiory09_original.jpg\" data-fancybox=\"gallery-5a3ab1f0-5093-464d-861c-a0a2d38062d9\" data-caption=\"Jan Matejko, Self-Portrait, 1887\" aria-label=\"Otw\u00f3rz zdj\u0119cie: Jan Matejko, Self-Portrait, 1887\"><img decoding=\"async\" src=\"https:\/\/mnk.pl\/wp-content\/uploads\/2026\/01\/matejko-zbiory09_original.jpg\" alt=\"Jan Matejko, Self-Portrait, 1887\"\/><\/a><\/div><\/div><div class=\"grid-item\"><div class=\"mansory-grid-card\"><a href=\"https:\/\/mnk.pl\/wp-content\/uploads\/2026\/01\/matejko-zbiory10_original.jpg\" data-fancybox=\"gallery-5a3ab1f0-5093-464d-861c-a0a2d38062d9\" data-caption=\"A cigar in a case, late 19th century\" aria-label=\"Otw\u00f3rz zdj\u0119cie: A cigar in a case, late 19th century\"><img decoding=\"async\" src=\"https:\/\/mnk.pl\/wp-content\/uploads\/2026\/01\/matejko-zbiory10_original.jpg\" alt=\"A cigar in a case, late 19th century\"\/><\/a><\/div><\/div><div class=\"grid-item\"><div class=\"mansory-grid-card\"><a href=\"https:\/\/mnk.pl\/wp-content\/uploads\/2026\/01\/matejko-zbiory08_original.jpg\" data-fancybox=\"gallery-5a3ab1f0-5093-464d-861c-a0a2d38062d9\" data-caption=\"Jan Matejko, The Skull of Casimir the Great, 1869\" aria-label=\"Otw\u00f3rz zdj\u0119cie: Jan Matejko, The Skull of Casimir the Great, 1869\"><img decoding=\"async\" src=\"https:\/\/mnk.pl\/wp-content\/uploads\/2026\/01\/matejko-zbiory08_original.jpg\" alt=\"Jan Matejko, The Skull of Casimir the Great, 1869\"\/><\/a><\/div><\/div><div class=\"grid-item\"><div class=\"mansory-grid-card\"><a href=\"https:\/\/mnk.pl\/wp-content\/uploads\/2026\/01\/matejko-zbiory12_original.jpg\" data-fancybox=\"gallery-5a3ab1f0-5093-464d-861c-a0a2d38062d9\" data-caption=\"W\u0142adys\u0142aw Ekielski, The Fa\u00e7ade of Jan Matejko's House\" aria-label=\"Otw\u00f3rz zdj\u0119cie: W\u0142adys\u0142aw Ekielski, The Fa\u00e7ade of Jan Matejko's House\"><img decoding=\"async\" src=\"https:\/\/mnk.pl\/wp-content\/uploads\/2026\/01\/matejko-zbiory12_original.jpg\" alt=\"W\u0142adys\u0142aw Ekielski, The Fa\u00e7ade of Jan Matejko's House\"\/><\/a><\/div><\/div><div class=\"grid-item\"><div class=\"mansory-grid-card\"><a href=\"https:\/\/mnk.pl\/wp-content\/uploads\/2026\/01\/matejko-zbiory11_original.jpg\" data-fancybox=\"gallery-5a3ab1f0-5093-464d-861c-a0a2d38062d9\" data-caption=\"Suit pins, 19th century\" aria-label=\"Otw\u00f3rz zdj\u0119cie: Suit pins, 19th century\"><img decoding=\"async\" src=\"https:\/\/mnk.pl\/wp-content\/uploads\/2026\/01\/matejko-zbiory11_original.jpg\" alt=\"Suit pins, 19th century\"\/><\/a><\/div><\/div><div class=\"grid-item\"><div class=\"mansory-grid-card\"><a href=\"https:\/\/mnk.pl\/wp-content\/uploads\/2026\/01\/matejko-zbiory07_original.jpg\" data-fancybox=\"gallery-5a3ab1f0-5093-464d-861c-a0a2d38062d9\" data-caption=\"Jan Matejko, Portrait of Maria Maurizio, 1860\" aria-label=\"Otw\u00f3rz zdj\u0119cie: Jan Matejko, Portrait of Maria Maurizio, 1860\"><img decoding=\"async\" src=\"https:\/\/mnk.pl\/wp-content\/uploads\/2026\/01\/matejko-zbiory07_original.jpg\" alt=\"Jan Matejko, Portrait of Maria Maurizio, 1860\"\/><\/a><\/div><\/div><div class=\"grid-item\"><div class=\"mansory-grid-card\"><a href=\"https:\/\/mnk.pl\/wp-content\/uploads\/2026\/01\/matejko-zbiory02_original.jpg\" data-fancybox=\"gallery-5a3ab1f0-5093-464d-861c-a0a2d38062d9\" data-caption=\"Jan Matejko, View from the Town Hall Tower, 1857\" aria-label=\"Otw\u00f3rz zdj\u0119cie: Jan Matejko, View from the Town Hall Tower, 1857\"><img decoding=\"async\" src=\"https:\/\/mnk.pl\/wp-content\/uploads\/2026\/01\/matejko-zbiory02_original.jpg\" alt=\"Jan Matejko, View from the Town Hall Tower, 1857\"\/><\/a><\/div><\/div><div class=\"grid-item\"><div class=\"mansory-grid-card\"><a href=\"https:\/\/mnk.pl\/wp-content\/uploads\/2026\/01\/matejko-zbiory03_original.jpg\" data-fancybox=\"gallery-5a3ab1f0-5093-464d-861c-a0a2d38062d9\" data-caption=\"Jan Matejko, The Interior of Casimir the Great\u2019s Tomb, 1869\" aria-label=\"Otw\u00f3rz zdj\u0119cie: Jan Matejko, The Interior of Casimir the Great\u2019s Tomb, 1869\"><img decoding=\"async\" src=\"https:\/\/mnk.pl\/wp-content\/uploads\/2026\/01\/matejko-zbiory03_original.jpg\" alt=\"Jan Matejko, The Interior of Casimir the Great\u2019s Tomb, 1869\"\/><\/a><\/div><\/div><div class=\"grid-item\"><div class=\"mansory-grid-card\"><a href=\"https:\/\/mnk.pl\/wp-content\/uploads\/2026\/01\/matejko-zbiory05_original.jpg\" data-fancybox=\"gallery-5a3ab1f0-5093-464d-861c-a0a2d38062d9\" data-caption=\"Jan Matejko, \u2018Jan III Sobieski presents Canon Denhoff with a letter to the Pope announcing the victory over the Turks at Vienna in 1683\u2019\" aria-label=\"Otw\u00f3rz zdj\u0119cie: Jan Matejko, \u2018Jan III Sobieski presents Canon Denhoff with a letter to the Pope announcing the victory over the Turks at Vienna in 1683\u2019\"><img decoding=\"async\" src=\"https:\/\/mnk.pl\/wp-content\/uploads\/2026\/01\/matejko-zbiory05_original.jpg\" alt=\"Jan Matejko, \u2018Jan III Sobieski presents Canon Denhoff with a letter to the Pope announcing the victory over the Turks at Vienna in 1683\u2019\"\/><\/a><\/div><\/div><div class=\"grid-item\"><div class=\"mansory-grid-card\"><a href=\"https:\/\/mnk.pl\/wp-content\/uploads\/2026\/01\/matejko-zbiory04_original.jpg\" data-fancybox=\"gallery-5a3ab1f0-5093-464d-861c-a0a2d38062d9\" data-caption=\"Jan Matejko, Sigismund Augustus and Barbara Radziwi\u0142\u0142\u00f3wna, 1864\" aria-label=\"Otw\u00f3rz zdj\u0119cie: Jan Matejko, Sigismund Augustus and Barbara Radziwi\u0142\u0142\u00f3wna, 1864\"><img decoding=\"async\" src=\"https:\/\/mnk.pl\/wp-content\/uploads\/2026\/01\/matejko-zbiory04_original.jpg\" alt=\"Jan Matejko, Sigismund Augustus and Barbara Radziwi\u0142\u0142\u00f3wna, 1864\"\/><\/a><\/div><\/div><\/div><\/div><div class=\"btn-sec d-flex justify-content-center\"><button type=\"button\" class=\"btn btn-transparent gallery-toggle-btn\">Poka\u017c wi\u0119cej zdj\u0119\u0107<svg class=\"icon\" aria-hidden=\"true\"><use href=\"#arrow-down\"><\/use><\/svg><\/button><\/div><\/div><\/div>\n<\/div><\/div><\/div>\n\n\n\n<div id=\"exhibition-space\" class=\"wp-block-mnk-accordion-block accordion-item\"><div class=\"accordion-button collapsed\" role=\"button\" tabindex=\"0\" aria-expanded=\"false\" aria-controls=\"collapse-item-583feff1\" id=\"button-item-583feff1\" data-bs-toggle=\"collapse\" data-bs-target=\"#collapse-item-583feff1\"><div class=\"title-sec \"><div class=\"title-icon-sec d-flex align-items-center\"><span class=\"accordion-title\">Exhibition space<\/span><\/div><\/div><\/div><div id=\"collapse-item-583feff1\" class=\"accordion-collapse collapse\" role=\"region\" aria-labelledby=\"button-item-583feff1\" data-bs-parent=\"\"><div class=\"accordion-body\">\n<div class=\"wp-block-mnk-gallery-block gallery-block size-medium expandable-gallery\"><div class=\"gallery-wrap\"><div class=\"gallery-wrap-inner\"><div class=\"grid gallery-sec\"><div class=\"grid-sizer\"><\/div><div class=\"gutter-sizer\"><\/div><div class=\"grid-item\"><div class=\"mansory-grid-card\"><a href=\"https:\/\/mnk.pl\/wp-content\/uploads\/2026\/01\/mateko-przestrzen1_original.jpg\" data-fancybox=\"gallery-cbc30276-872c-4b96-99b5-ee42ce657b32\" data-caption=\"Phot. M. \u017bak\" aria-label=\"Otw\u00f3rz zdj\u0119cie: Phot. M. \u017bak\"><img decoding=\"async\" src=\"https:\/\/mnk.pl\/wp-content\/uploads\/2026\/01\/mateko-przestrzen1_original.jpg\" alt=\"Phot. M. \u017bak\"\/><\/a><\/div><\/div><div class=\"grid-item\"><div class=\"mansory-grid-card\"><a href=\"https:\/\/mnk.pl\/wp-content\/uploads\/2026\/01\/matejko-wnetrze-6-900_original.jpg\" data-fancybox=\"gallery-cbc30276-872c-4b96-99b5-ee42ce657b32\" data-caption=\"Phot. M. \u017bak\" aria-label=\"Otw\u00f3rz zdj\u0119cie: Phot. M. \u017bak\"><img decoding=\"async\" src=\"https:\/\/mnk.pl\/wp-content\/uploads\/2026\/01\/matejko-wnetrze-6-900_original.jpg\" alt=\"Phot. M. \u017bak\"\/><\/a><\/div><\/div><div class=\"grid-item\"><div class=\"mansory-grid-card\"><a href=\"https:\/\/mnk.pl\/wp-content\/uploads\/2026\/01\/matejko-wnetrze-5-900_original.jpg\" data-fancybox=\"gallery-cbc30276-872c-4b96-99b5-ee42ce657b32\" data-caption=\"Phot. M. \u017bak\" aria-label=\"Otw\u00f3rz zdj\u0119cie: Phot. M. \u017bak\"><img decoding=\"async\" src=\"https:\/\/mnk.pl\/wp-content\/uploads\/2026\/01\/matejko-wnetrze-5-900_original.jpg\" alt=\"Phot. M. \u017bak\"\/><\/a><\/div><\/div><div class=\"grid-item\"><div class=\"mansory-grid-card\"><a href=\"https:\/\/mnk.pl\/wp-content\/uploads\/2026\/01\/matejko-wnetrze-2-900_original.jpg\" data-fancybox=\"gallery-cbc30276-872c-4b96-99b5-ee42ce657b32\" data-caption=\"Phot. M. \u017bak\" aria-label=\"Otw\u00f3rz zdj\u0119cie: Phot. M. \u017bak\"><img decoding=\"async\" src=\"https:\/\/mnk.pl\/wp-content\/uploads\/2026\/01\/matejko-wnetrze-2-900_original.jpg\" alt=\"Phot. M. \u017bak\"\/><\/a><\/div><\/div><div class=\"grid-item\"><div class=\"mansory-grid-card\"><a href=\"https:\/\/mnk.pl\/wp-content\/uploads\/2026\/01\/matejko-wnetrze-4-900_original.jpg\" data-fancybox=\"gallery-cbc30276-872c-4b96-99b5-ee42ce657b32\" data-caption=\"Phot. M. \u017bak\" aria-label=\"Otw\u00f3rz zdj\u0119cie: Phot. M. \u017bak\"><img decoding=\"async\" src=\"https:\/\/mnk.pl\/wp-content\/uploads\/2026\/01\/matejko-wnetrze-4-900_original.jpg\" alt=\"Phot. M. \u017bak\"\/><\/a><\/div><\/div><div class=\"grid-item\"><div class=\"mansory-grid-card\"><a href=\"https:\/\/mnk.pl\/wp-content\/uploads\/2026\/01\/matejko-wnetrze-3-900_original.jpg\" data-fancybox=\"gallery-cbc30276-872c-4b96-99b5-ee42ce657b32\" data-caption=\"Phot. M. \u017bak\" aria-label=\"Otw\u00f3rz zdj\u0119cie: Phot. M. \u017bak\"><img decoding=\"async\" src=\"https:\/\/mnk.pl\/wp-content\/uploads\/2026\/01\/matejko-wnetrze-3-900_original.jpg\" alt=\"Phot. M. \u017bak\"\/><\/a><\/div><\/div><div class=\"grid-item\"><div class=\"mansory-grid-card\"><a href=\"https:\/\/mnk.pl\/wp-content\/uploads\/2026\/01\/matejko-wnetrze-1-900_original.jpg\" data-fancybox=\"gallery-cbc30276-872c-4b96-99b5-ee42ce657b32\" data-caption=\"Phot. M. \u017bak\" aria-label=\"Otw\u00f3rz zdj\u0119cie: Phot. M. \u017bak\"><img decoding=\"async\" src=\"https:\/\/mnk.pl\/wp-content\/uploads\/2026\/01\/matejko-wnetrze-1-900_original.jpg\" alt=\"Phot. M. \u017bak\"\/><\/a><\/div><\/div><\/div><\/div><div class=\"btn-sec d-flex justify-content-center\"><button type=\"button\" class=\"btn btn-transparent gallery-toggle-btn\">Poka\u017c wi\u0119cej zdj\u0119\u0107<svg class=\"icon\" aria-hidden=\"true\"><use href=\"#arrow-down\"><\/use><\/svg><\/button><\/div><\/div><\/div>\n<\/div><\/div><\/div>\n<\/div><\/div>\n\n\n\n<div style=\"height:100px\" aria-hidden=\"true\" class=\"wp-block-spacer\"><\/div>\n\n\n\n<h2 class=\"wp-block-heading\">Video<\/h2>\n\n\n\n<figure class=\"wp-block-embed is-type-video is-provider-youtube wp-block-embed-youtube wp-embed-aspect-16-9 wp-has-aspect-ratio\"><div class=\"wp-block-embed__wrapper\">\n<iframe loading=\"lazy\" title=\"Ja, Matejko\" width=\"500\" height=\"281\" src=\"https:\/\/www.youtube.com\/embed\/lNr4sV1-kqk?feature=oembed\" frameborder=\"0\" allow=\"accelerometer; autoplay; clipboard-write; encrypted-media; gyroscope; picture-in-picture; web-share\" referrerpolicy=\"strict-origin-when-cross-origin\" allowfullscreen><\/iframe>\n<\/div><\/figure>\n","protected":false},"excerpt":{"rendered":"<p>The Jan Matejko Biographical Museum (1838\u20131893) is located in the family home of the artist, pedagogue, social activist, collector and pioneer in the field of monument protection. It is an old Krakow tenement house, rebuilt in the 18th and 19th centuries, with preserved elements of the decor from the period when the painter lived there [&hellip;]<\/p>\n","protected":false},"author":5,"featured_media":39108,"template":"","wystawy_categories":[166],"class_list":["post-2276","wystawy","type-wystawy","status-publish","has-post-thumbnail","hentry","wystawy_categories-permanent-exhibition"],"acf":[],"_links":{"self":[{"href":"https:\/\/mnk.pl\/en\/wp-json\/wp\/v2\/wystawy\/2276","targetHints":{"allow":["GET"]}}],"collection":[{"href":"https:\/\/mnk.pl\/en\/wp-json\/wp\/v2\/wystawy"}],"about":[{"href":"https:\/\/mnk.pl\/en\/wp-json\/wp\/v2\/types\/wystawy"}],"author":[{"embeddable":true,"href":"https:\/\/mnk.pl\/en\/wp-json\/wp\/v2\/users\/5"}],"version-history":[{"count":6,"href":"https:\/\/mnk.pl\/en\/wp-json\/wp\/v2\/wystawy\/2276\/revisions"}],"predecessor-version":[{"id":42021,"href":"https:\/\/mnk.pl\/en\/wp-json\/wp\/v2\/wystawy\/2276\/revisions\/42021"}],"wp:featuredmedia":[{"embeddable":true,"href":"https:\/\/mnk.pl\/en\/wp-json\/wp\/v2\/media\/39108"}],"wp:attachment":[{"href":"https:\/\/mnk.pl\/en\/wp-json\/wp\/v2\/media?parent=2276"}],"wp:term":[{"taxonomy":"wystawy_categories","embeddable":true,"href":"https:\/\/mnk.pl\/en\/wp-json\/wp\/v2\/wystawy_categories?post=2276"}],"curies":[{"name":"wp","href":"https:\/\/api.w.org\/{rel}","templated":true}]}}