{"id":2264,"date":"2026-01-14T10:54:11","date_gmt":"2026-01-14T09:54:11","guid":{"rendered":"https:\/\/new.mnk.pl\/wystawy\/sztuka-dawnej-polski-w-mnk-ciolek\/"},"modified":"2026-08-20T14:42:49","modified_gmt":"2026-08-20T12:42:49","slug":"art-of-old-poland-at-mnk-the-ciolek","status":"publish","type":"wystawy","link":"https:\/\/mnk.pl\/en\/wystawy\/art-of-old-poland-at-mnk-the-ciolek\/","title":{"rendered":"Art of Old Poland: 12th\u201318th centuries"},"content":{"rendered":"\n<p class=\"wp-block-paragraph\">The Gallery of Art of Old Poland is located in the restored historical interiors of the former palace of Bishop Erazm Cio\u0142ek, at the foot of the Wawel Hill, Kanonicza Street, called the oldest street in Krakow. The enfilade layout of the first floor of the palace traces the beginnings of the development of art, primarily in the Ma\u0142opolska region.&nbsp;<\/p>\n\n\n\n<p class=\"wp-block-paragraph\">At the beginning of the exhibition, Romanesque architectural sculptures are displayed, acquired during the restoration and reconstruction of Krak\u00f3w&#8217;s tenement houses, followed by some of the finest examples of Gothic art for the viewers. The key works of this part of the exhibition are the statue of the Madonna and Child from the Church in Kru\u017clowa Wy\u017cna (at the turn of the 14th and 15th centuries), large altarpiece polyptychs, originally part of the decoration of Krakow&#8217;s monastic churches \u2013 the Dominican Altar and the Augustinian Altar (circa 1460s), as well as late Gothic works, including <em>Christ Praying in Gethsemane<\/em> [\u201eChrystus w Ogrujcu\u201d] by Wit Stwosz, the creator of the altarpiece in St. Mary&#8217;s Basilica (around 1485).&nbsp;<\/p>\n\n\n\n<p class=\"wp-block-paragraph\">In the following rooms of the gallery, examples of various types of sacred art are presented, ranging from panel polyptychs, such as the altar from Lusina, dating from the early 16th century to sculptures intended for private devotion (such as the <em>Piet\u00e0 from Biecz<\/em> [Pieta z Biecza], ca. 1390), liturgical props (<em>Christ on a Donkey<\/em> [Chrystus an osio\u0142ku], early 16th century), epitaphs and decorative elements, such as a painted wooden ceiling from the church in Kozy near Bielsko-Bia\u0142a.&nbsp;<\/p>\n\n\n\n<p class=\"wp-block-paragraph\">The Renaissance period is represented by the northern (Frankish painters: Michael Lancz from Kitzingen, Hans D\u00fcrer), as well as the Italian variety of this style (Giovanni Maria Padovano).&nbsp;<\/p>\n\n\n\n<p class=\"wp-block-paragraph\">In the section dedicated to Baroque art, both large attendant figures from the Crucifixion in St. Mary&#8217;s Church and small &#8220;sculptural sketches,&#8221; models that were later used to create full-size statues, are presented (such as &#8220;Madonna and Child&#8221; [\u201eMatka Boska z Dzieci\u0105tkiem\u201d] in the style of Baldassare Fontana).<\/p>\n\n\n\n<p class=\"wp-block-paragraph\">A separate part of the exhibition of Baroque art is a room dedicated to Old Polish funeral customs. Here, one can view coffin portraits, a catafalque in the shape of a griffin, mourning banners, and liturgical garments \u2013 fascinating testimonies of the customs of the time. The gallery closes with a large collection of old Polish portrait painting, representative of both court fashion and &#8220;Sarmatian taste&#8221;, as well as a set of paintings illustrating the beginnings of Polish historical painting.<\/p>\n\n\n\n<div style=\"height:100px\" aria-hidden=\"true\" class=\"wp-block-spacer\"><\/div>\n\n\n\n<h2 class=\"wp-block-heading\">Galleries<\/h2>\n\n\n\n<div class=\"wp-block-mnk-accordion-group accordion-block\" data-show-numbers=\"false\"><div class=\"accordion\" id=\"accordion-99b0c2ae\">\n<div id=\"collection\" class=\"wp-block-mnk-accordion-block accordion-item\"><div class=\"accordion-button collapsed\" role=\"button\" tabindex=\"0\" aria-expanded=\"false\" aria-controls=\"collapse-item-46e015f3\" id=\"button-item-46e015f3\" data-bs-toggle=\"collapse\" data-bs-target=\"#collapse-item-46e015f3\"><div class=\"title-sec \"><div class=\"title-icon-sec d-flex align-items-center\"><span class=\"accordion-title\">Collection<\/span><\/div><\/div><\/div><div id=\"collapse-item-46e015f3\" class=\"accordion-collapse collapse\" role=\"region\" aria-labelledby=\"button-item-46e015f3\" data-bs-parent=\"\"><div class=\"accordion-body\">\n<div class=\"wp-block-mnk-gallery-block gallery-block size-medium expandable-gallery\"><div class=\"gallery-wrap\"><div class=\"gallery-wrap-inner\"><div class=\"grid gallery-sec\"><div class=\"grid-sizer\"><\/div><div class=\"gutter-sizer\"><\/div><div class=\"grid-item\"><div class=\"mansory-grid-card\"><a href=\"https:\/\/mnk.pl\/wp-content\/uploads\/2026\/01\/Matka-Boska-z-Dzieciatkiem-z-kosciola-w-Kruzlowej-Wyznej-okolo-1410-scaled.jpg\" data-fancybox=\"gallery-c1df0ce4-3f17-4f4c-8b0d-f2a76e11a877\" data-caption=\"The Virgin and Child from the church in Kru\u017clowa Wy\u017cna, c. 1410\" aria-label=\"Otw\u00f3rz zdj\u0119cie: The Virgin and Child from the church in Kru\u017clowa Wy\u017cna, c. 1410\"><img decoding=\"async\" src=\"https:\/\/mnk.pl\/wp-content\/uploads\/2026\/01\/Matka-Boska-z-Dzieciatkiem-z-kosciola-w-Kruzlowej-Wyznej-okolo-1410-scaled.jpg\" alt=\"The Virgin and Child from the church in Kru\u017clowa Wy\u017cna, c. 1410\"\/><\/a><\/div><\/div><div class=\"grid-item\"><div class=\"mansory-grid-card\"><a href=\"https:\/\/mnk.pl\/wp-content\/uploads\/2026\/01\/Modlitwa-w-Ogrojcu.-Kwatera-z-retabulum-oltarza-glownego-z-kosciola-augustianow-w-Krakowie-1468-scaled.jpg\" data-fancybox=\"gallery-c1df0ce4-3f17-4f4c-8b0d-f2a76e11a877\" data-caption=\"The Prayer in the Garden of Gethsemane. A panel from the retable of the high altar in the Augustinian church in Krak\u00f3w, 1468\" aria-label=\"Otw\u00f3rz zdj\u0119cie: The Prayer in the Garden of Gethsemane. A panel from the retable of the high altar in the Augustinian church in Krak\u00f3w, 1468\"><img decoding=\"async\" src=\"https:\/\/mnk.pl\/wp-content\/uploads\/2026\/01\/Modlitwa-w-Ogrojcu.-Kwatera-z-retabulum-oltarza-glownego-z-kosciola-augustianow-w-Krakowie-1468-scaled.jpg\" alt=\"The Prayer in the Garden of Gethsemane. A panel from the retable of the high altar in the Augustinian church in Krak\u00f3w, 1468\"\/><\/a><\/div><\/div><div class=\"grid-item\"><div class=\"mansory-grid-card\"><a href=\"https:\/\/mnk.pl\/wp-content\/uploads\/2026\/01\/Sw.-Stanislaw-z-okolic-Tarnobrzega-ok.-1515-scaled.jpg\" data-fancybox=\"gallery-c1df0ce4-3f17-4f4c-8b0d-f2a76e11a877\" data-caption=\"St Stanis\u0142aw, from the Tarnobrzeg area, c. 1515\" aria-label=\"Otw\u00f3rz zdj\u0119cie: St Stanis\u0142aw, from the Tarnobrzeg area, c. 1515\"><img decoding=\"async\" src=\"https:\/\/mnk.pl\/wp-content\/uploads\/2026\/01\/Sw.-Stanislaw-z-okolic-Tarnobrzega-ok.-1515-scaled.jpg\" alt=\"St Stanis\u0142aw, from the Tarnobrzeg area, c. 1515\"\/><\/a><\/div><\/div><div class=\"grid-item\"><div class=\"mansory-grid-card\"><a href=\"https:\/\/mnk.pl\/wp-content\/uploads\/2026\/01\/Swieta-Trojca.-Obraz-wotywny-Jakuba-Debinskiego-z-kosciola-w-Debnie-k.-Brzeska-1520-scaled.jpg\" data-fancybox=\"gallery-c1df0ce4-3f17-4f4c-8b0d-f2a76e11a877\" data-caption=\"The Holy Trinity. A votive painting by Jakub D\u0119bi\u0144ski, from the church in D\u0119bno near Brzesko, 1520\" aria-label=\"Otw\u00f3rz zdj\u0119cie: The Holy Trinity. A votive painting by Jakub D\u0119bi\u0144ski, from the church in D\u0119bno near Brzesko, 1520\"><img decoding=\"async\" src=\"https:\/\/mnk.pl\/wp-content\/uploads\/2026\/01\/Swieta-Trojca.-Obraz-wotywny-Jakuba-Debinskiego-z-kosciola-w-Debnie-k.-Brzeska-1520-scaled.jpg\" alt=\"The Holy Trinity. A votive painting by Jakub D\u0119bi\u0144ski, from the church in D\u0119bno near Brzesko, 1520\"\/><\/a><\/div><\/div><div class=\"grid-item\"><div class=\"mansory-grid-card\"><a href=\"https:\/\/mnk.pl\/wp-content\/uploads\/2026\/01\/Tlocznia-Mistyczna-z-Lelowa-1647-scaled.jpg\" data-fancybox=\"gallery-c1df0ce4-3f17-4f4c-8b0d-f2a76e11a877\" data-caption=\"The Mystical Press of Lel\u00f3w, 1647\" aria-label=\"Otw\u00f3rz zdj\u0119cie: The Mystical Press of Lel\u00f3w, 1647\"><img decoding=\"async\" src=\"https:\/\/mnk.pl\/wp-content\/uploads\/2026\/01\/Tlocznia-Mistyczna-z-Lelowa-1647-scaled.jpg\" alt=\"The Mystical Press of Lel\u00f3w, 1647\"\/><\/a><\/div><\/div><div class=\"grid-item\"><div class=\"mansory-grid-card\"><a href=\"https:\/\/mnk.pl\/wp-content\/uploads\/2026\/01\/Ukrzyzowanie-tzw.-duze-z-kosciola-w-Korzennej-ok.-polowy-XV-wieku-scaled.jpg\" data-fancybox=\"gallery-c1df0ce4-3f17-4f4c-8b0d-f2a76e11a877\" data-caption=\"The Crucifixion (known as the \u2018large\u2019 one) from the church in Korzenna, circa the mid-15th century\" aria-label=\"Otw\u00f3rz zdj\u0119cie: The Crucifixion (known as the \u2018large\u2019 one) from the church in Korzenna, circa the mid-15th century\"><img decoding=\"async\" src=\"https:\/\/mnk.pl\/wp-content\/uploads\/2026\/01\/Ukrzyzowanie-tzw.-duze-z-kosciola-w-Korzennej-ok.-polowy-XV-wieku-scaled.jpg\" alt=\"The Crucifixion (known as the \u2018large\u2019 one) from the church in Korzenna, circa the mid-15th century\"\/><\/a><\/div><\/div><div class=\"grid-item\"><div class=\"mansory-grid-card\"><a href=\"https:\/\/mnk.pl\/wp-content\/uploads\/2026\/01\/Wit-Stwossz-Rycerz-z-kosciola-Mariackiego-w-Krakowie-okolo-1490-scaled.jpg\" data-fancybox=\"gallery-c1df0ce4-3f17-4f4c-8b0d-f2a76e11a877\" data-caption=\"Veit Stoss, *The Knight* from St Mary\u2019s Basilica in Krak\u00f3w, c. 1490\" aria-label=\"Otw\u00f3rz zdj\u0119cie: Veit Stoss, *The Knight* from St Mary\u2019s Basilica in Krak\u00f3w, c. 1490\"><img decoding=\"async\" src=\"https:\/\/mnk.pl\/wp-content\/uploads\/2026\/01\/Wit-Stwossz-Rycerz-z-kosciola-Mariackiego-w-Krakowie-okolo-1490-scaled.jpg\" alt=\"Veit Stoss, *The Knight* from St Mary\u2019s Basilica in Krak\u00f3w, c. 1490\"\/><\/a><\/div><\/div><div class=\"grid-item\"><div class=\"mansory-grid-card\"><a href=\"https:\/\/mnk.pl\/wp-content\/uploads\/2026\/01\/Wit-Stwosz-Chrystus-w-Ogrojcu-z-cmentarza-przy-kosciele-Mariackim-w-Krakowie-1485.jpg\" data-fancybox=\"gallery-c1df0ce4-3f17-4f4c-8b0d-f2a76e11a877\" data-caption=\"Veit Stoss, Christ in the Garden of Gethsemane from the cemetery at St Mary\u2019s Church in Krak\u00f3w, 1485\" aria-label=\"Otw\u00f3rz zdj\u0119cie: Veit Stoss, Christ in the Garden of Gethsemane from the cemetery at St Mary\u2019s Church in Krak\u00f3w, 1485\"><img decoding=\"async\" src=\"https:\/\/mnk.pl\/wp-content\/uploads\/2026\/01\/Wit-Stwosz-Chrystus-w-Ogrojcu-z-cmentarza-przy-kosciele-Mariackim-w-Krakowie-1485.jpg\" alt=\"Veit Stoss, Christ in the Garden of Gethsemane from the cemetery at St Mary\u2019s Church in Krak\u00f3w, 1485\"\/><\/a><\/div><\/div><\/div><\/div><div class=\"btn-sec d-flex justify-content-center\"><button type=\"button\" class=\"btn btn-transparent gallery-toggle-btn\">Poka\u017c wi\u0119cej zdj\u0119\u0107<svg class=\"icon\" aria-hidden=\"true\"><use href=\"#arrow-down\"><\/use><\/svg><\/button><\/div><\/div><\/div>\n<\/div><\/div><\/div>\n\n\n\n<div id=\"exhibition-space\" class=\"wp-block-mnk-accordion-block accordion-item\"><div class=\"accordion-button collapsed\" role=\"button\" tabindex=\"0\" aria-expanded=\"false\" aria-controls=\"collapse-item-071465f3\" id=\"button-item-071465f3\" data-bs-toggle=\"collapse\" data-bs-target=\"#collapse-item-071465f3\"><div class=\"title-sec \"><div class=\"title-icon-sec d-flex align-items-center\"><span class=\"accordion-title\">Exhibition space<\/span><\/div><\/div><\/div><div id=\"collapse-item-071465f3\" class=\"accordion-collapse collapse\" role=\"region\" aria-labelledby=\"button-item-071465f3\" data-bs-parent=\"\"><div class=\"accordion-body\">\n<div class=\"wp-block-mnk-gallery-block gallery-block size-medium expandable-gallery\"><div class=\"gallery-wrap\"><div class=\"gallery-wrap-inner\"><div class=\"grid gallery-sec\"><div class=\"grid-sizer\"><\/div><div class=\"gutter-sizer\"><\/div><div class=\"grid-item\"><div class=\"mansory-grid-card\"><a href=\"https:\/\/mnk.pl\/wp-content\/uploads\/2026\/01\/Fot.-Miroslaw-Zak-1-1-scaled.jpg\" data-fancybox=\"gallery-8e59e8a1-2648-476b-8bd9-9e08d2da1195\" data-caption=\"Phot. M. \u017bak\" aria-label=\"Otw\u00f3rz zdj\u0119cie: Phot. M. \u017bak\"><img decoding=\"async\" src=\"https:\/\/mnk.pl\/wp-content\/uploads\/2026\/01\/Fot.-Miroslaw-Zak-1-1-scaled.jpg\" alt=\"Phot. M. \u017bak\"\/><\/a><\/div><\/div><div class=\"grid-item\"><div class=\"mansory-grid-card\"><a href=\"https:\/\/mnk.pl\/wp-content\/uploads\/2026\/01\/Fot.-Miroslaw-Zak-2-1-scaled.jpg\" data-fancybox=\"gallery-8e59e8a1-2648-476b-8bd9-9e08d2da1195\" data-caption=\"Phot. M. \u017bak\" aria-label=\"Otw\u00f3rz zdj\u0119cie: Phot. M. \u017bak\"><img decoding=\"async\" src=\"https:\/\/mnk.pl\/wp-content\/uploads\/2026\/01\/Fot.-Miroslaw-Zak-2-1-scaled.jpg\" alt=\"Phot. M. \u017bak\"\/><\/a><\/div><\/div><div class=\"grid-item\"><div class=\"mansory-grid-card\"><a href=\"https:\/\/mnk.pl\/wp-content\/uploads\/2026\/01\/Fot.-Miroslaw-Zak-3-1-scaled.jpg\" data-fancybox=\"gallery-8e59e8a1-2648-476b-8bd9-9e08d2da1195\" data-caption=\"Phot. M. \u017bak\" aria-label=\"Otw\u00f3rz zdj\u0119cie: Phot. M. \u017bak\"><img decoding=\"async\" src=\"https:\/\/mnk.pl\/wp-content\/uploads\/2026\/01\/Fot.-Miroslaw-Zak-3-1-scaled.jpg\" alt=\"Phot. M. \u017bak\"\/><\/a><\/div><\/div><div class=\"grid-item\"><div class=\"mansory-grid-card\"><a href=\"https:\/\/mnk.pl\/wp-content\/uploads\/2026\/01\/Fot.-Miroslaw-Zak-4-1-scaled.jpg\" data-fancybox=\"gallery-8e59e8a1-2648-476b-8bd9-9e08d2da1195\" data-caption=\"Phot. M. \u017bak\" aria-label=\"Otw\u00f3rz zdj\u0119cie: Phot. M. \u017bak\"><img decoding=\"async\" src=\"https:\/\/mnk.pl\/wp-content\/uploads\/2026\/01\/Fot.-Miroslaw-Zak-4-1-scaled.jpg\" alt=\"Phot. M. \u017bak\"\/><\/a><\/div><\/div><div class=\"grid-item\"><div class=\"mansory-grid-card\"><a href=\"https:\/\/mnk.pl\/wp-content\/uploads\/2026\/01\/Fot.-Miroslaw-Zak-5-1-scaled.jpg\" data-fancybox=\"gallery-8e59e8a1-2648-476b-8bd9-9e08d2da1195\" data-caption=\"Phot. M. \u017bak\" aria-label=\"Otw\u00f3rz zdj\u0119cie: Phot. M. \u017bak\"><img decoding=\"async\" src=\"https:\/\/mnk.pl\/wp-content\/uploads\/2026\/01\/Fot.-Miroslaw-Zak-5-1-scaled.jpg\" alt=\"Phot. M. \u017bak\"\/><\/a><\/div><\/div><\/div><\/div><div class=\"btn-sec d-flex justify-content-center\"><button type=\"button\" class=\"btn btn-transparent gallery-toggle-btn\">Poka\u017c wi\u0119cej zdj\u0119\u0107<svg class=\"icon\" aria-hidden=\"true\"><use href=\"#arrow-down\"><\/use><\/svg><\/button><\/div><\/div><\/div>\n<\/div><\/div><\/div>\n<\/div><\/div>\n\n\n\n<div style=\"height:50px\" aria-hidden=\"true\" class=\"wp-block-spacer\"><\/div>\n\n\n\n<h2 class=\"wp-block-heading\">Video<\/h2>\n\n\n\n<figure class=\"wp-block-embed is-type-video is-provider-youtube wp-block-embed-youtube wp-embed-aspect-16-9 wp-has-aspect-ratio\"><div class=\"wp-block-embed__wrapper\">\n<iframe loading=\"lazy\" title=\"Pa\u0142ac Pe\u0142en Pi\u0119kna - spot\" width=\"500\" height=\"281\" src=\"https:\/\/www.youtube.com\/embed\/jHUBIIWBU6Q?feature=oembed\" frameborder=\"0\" allow=\"accelerometer; autoplay; clipboard-write; encrypted-media; gyroscope; picture-in-picture; web-share\" referrerpolicy=\"strict-origin-when-cross-origin\" allowfullscreen><\/iframe>\n<\/div><\/figure>\n\n\n\n<p class=\"wp-block-paragraph\"><\/p>\n","protected":false},"excerpt":{"rendered":"<p>The Gallery of Art of Old Poland is located in the restored historical interiors of the former palace of Bishop Erazm Cio\u0142ek, at the foot of the Wawel Hill, Kanonicza Street, called the oldest street in Krakow. The enfilade layout of the first floor of the palace traces the beginnings of the development of art, [&hellip;]<\/p>\n","protected":false},"author":5,"featured_media":7936,"template":"","wystawy_categories":[166],"class_list":["post-2264","wystawy","type-wystawy","status-publish","has-post-thumbnail","hentry","wystawy_categories-permanent-exhibition"],"acf":[],"_links":{"self":[{"href":"https:\/\/mnk.pl\/en\/wp-json\/wp\/v2\/wystawy\/2264","targetHints":{"allow":["GET"]}}],"collection":[{"href":"https:\/\/mnk.pl\/en\/wp-json\/wp\/v2\/wystawy"}],"about":[{"href":"https:\/\/mnk.pl\/en\/wp-json\/wp\/v2\/types\/wystawy"}],"author":[{"embeddable":true,"href":"https:\/\/mnk.pl\/en\/wp-json\/wp\/v2\/users\/5"}],"version-history":[{"count":6,"href":"https:\/\/mnk.pl\/en\/wp-json\/wp\/v2\/wystawy\/2264\/revisions"}],"predecessor-version":[{"id":42060,"href":"https:\/\/mnk.pl\/en\/wp-json\/wp\/v2\/wystawy\/2264\/revisions\/42060"}],"wp:featuredmedia":[{"embeddable":true,"href":"https:\/\/mnk.pl\/en\/wp-json\/wp\/v2\/media\/7936"}],"wp:attachment":[{"href":"https:\/\/mnk.pl\/en\/wp-json\/wp\/v2\/media?parent=2264"}],"wp:term":[{"taxonomy":"wystawy_categories","embeddable":true,"href":"https:\/\/mnk.pl\/en\/wp-json\/wp\/v2\/wystawy_categories?post=2264"}],"curies":[{"name":"wp","href":"https:\/\/api.w.org\/{rel}","templated":true}]}}